{"id":962,"date":"2025-08-10T11:28:12","date_gmt":"2025-08-10T09:28:12","guid":{"rendered":"https:\/\/www.foerderkreis-christenberg.de\/?page_id=962"},"modified":"2026-02-16T22:28:04","modified_gmt":"2026-02-16T21:28:04","slug":"evangelische-kirche-muenchhausen","status":"publish","type":"page","link":"https:\/\/www.foerderkreis-christenberg.de\/index.php\/evangelische-kirche-muenchhausen\/","title":{"rendered":"Evangelische Kirche M\u00fcnchhausen"},"content":{"rendered":"\n<p><\/p>\n\n\n\n<div class=\"wp-block-group has-background has-global-padding is-layout-constrained wp-container-core-group-is-layout-c385debf wp-block-group-is-layout-constrained\" style=\"background-color:#ffffff;padding-top:var(--wp--preset--spacing--20);padding-right:var(--wp--preset--spacing--20);padding-bottom:var(--wp--preset--spacing--20);padding-left:var(--wp--preset--spacing--20)\">\n<h2 class=\"wp-block-heading\">Die evangelische Kirche M\u00fcnchhausen<\/h2>\n\n\n\n<p>Die evangelische <strong>Kirche in M\u00fcnchhausen<\/strong> ist eine von sechs Kirchen in der evangelischen Kirchengemeinde <strong>Christenberg-Hollende<\/strong>. Diese Gemeinde besteht aus den Ortschaften Niederasphe, Simtshausen, Treisbach, Wollmar und M\u00fcnchhausen. Die sechste Kirche ist die Martinskirche auf dem Christenberg.<\/p>\n\n\n\n<h2 class=\"wp-block-heading\">Zur Geschichte der Kirche<\/h2>\n\n\n\n<p>Sie stehen hier am Chorturm des aus dem fr\u00fchen 15. Jahrhundert stammenden vorherigen Kirchenbaus. Dieser wurde wegen Bauf\u00e4lligkeit in den Jahren 1973\/74 abgetragen und durch einen zweckm\u00e4\u00dfigen Neubau ersetzt. Lediglich der Turm mit seiner achtseitigen gestaffelten Haube blieb erhalten.<\/p>\n\n\n\n<p>Oben im Turm h\u00e4ngen drei Glocken, die zum allgemeinen L\u00e4uten morgens, mittags und abends, zu den Gottesdiensten, zu Feiertagen, Hochzeiten, Beerdigungen erklingen. Etwas besonderes ist das Gel\u00e4ut am Samstag. Abends um sieben, in der dunklen Jahreszeit um sechs Uhr, l\u00e4uten alle drei Glocken in abwechselnder Reihenfolge insgesamt 15 Minuten lang.<\/p>\n\n\n\n<figure class=\"wp-block-gallery has-nested-images columns-default is-cropped wp-block-gallery-1 is-layout-flex wp-block-gallery-is-layout-flex\" style=\"border-width:1px;border-radius:10px;padding-top:var(--wp--preset--spacing--20);padding-right:var(--wp--preset--spacing--20);padding-bottom:var(--wp--preset--spacing--20);padding-left:var(--wp--preset--spacing--20)\">\n<figure class=\"wp-block-image size-large\"><a href=\"https:\/\/www.foerderkreis-christenberg.de\/wp-content\/uploads\/2025\/08\/K-D-alt-1920.jpg\" target=\"_blank\" rel=\" noreferrer noopener\"><img loading=\"lazy\" decoding=\"async\" width=\"734\" height=\"834\" data-id=\"970\" src=\"https:\/\/www.foerderkreis-christenberg.de\/wp-content\/uploads\/2025\/08\/K-D-alt-1920.jpg\" alt=\"\" class=\"wp-image-970\" srcset=\"https:\/\/www.foerderkreis-christenberg.de\/wp-content\/uploads\/2025\/08\/K-D-alt-1920.jpg 734w, https:\/\/www.foerderkreis-christenberg.de\/wp-content\/uploads\/2025\/08\/K-D-alt-1920-264x300.jpg 264w\" sizes=\"auto, (max-width: 734px) 100vw, 734px\" \/><\/a><figcaption class=\"wp-element-caption\">Nord-West-Ansicht 1920<\/figcaption><\/figure>\n\n\n\n<figure class=\"wp-block-image size-large\"><a href=\"https:\/\/www.foerderkreis-christenberg.de\/wp-content\/uploads\/2025\/08\/K-D-alt-1969.jpg\" target=\"_blank\" rel=\" noreferrer noopener\"><img loading=\"lazy\" decoding=\"async\" width=\"628\" height=\"876\" data-id=\"971\" src=\"https:\/\/www.foerderkreis-christenberg.de\/wp-content\/uploads\/2025\/08\/K-D-alt-1969.jpg\" alt=\"\" class=\"wp-image-971\" srcset=\"https:\/\/www.foerderkreis-christenberg.de\/wp-content\/uploads\/2025\/08\/K-D-alt-1969.jpg 628w, https:\/\/www.foerderkreis-christenberg.de\/wp-content\/uploads\/2025\/08\/K-D-alt-1969-215x300.jpg 215w\" sizes=\"auto, (max-width: 628px) 100vw, 628px\" \/><\/a><figcaption class=\"wp-element-caption\">S\u00fcd-Ansicht 1969<\/figcaption><\/figure>\n<\/figure>\n\n\n\n<p>So sah die Kirche vor den Umbauarbeiten aus. Auf der rechten Abbildung sind hinter den gro\u00dfen Fenstern die Gel\u00e4nder der oberen Empore zu erkennen.<\/p>\n\n\n\n<figure class=\"wp-block-gallery has-nested-images columns-default is-cropped wp-block-gallery-2 is-layout-flex wp-block-gallery-is-layout-flex\" style=\"border-width:1px;border-radius:10px;padding-top:var(--wp--preset--spacing--20);padding-right:var(--wp--preset--spacing--20);padding-bottom:var(--wp--preset--spacing--20);padding-left:var(--wp--preset--spacing--20)\">\n<figure class=\"wp-block-image size-large\"><a href=\"https:\/\/www.foerderkreis-christenberg.de\/wp-content\/uploads\/2025\/08\/K-D-alt-1920-3.jpg\" target=\"_blank\" rel=\" noreferrer noopener\"><img loading=\"lazy\" decoding=\"async\" width=\"838\" height=\"772\" data-id=\"969\" src=\"https:\/\/www.foerderkreis-christenberg.de\/wp-content\/uploads\/2025\/08\/K-D-alt-1920-3.jpg\" alt=\"\" class=\"wp-image-969\" srcset=\"https:\/\/www.foerderkreis-christenberg.de\/wp-content\/uploads\/2025\/08\/K-D-alt-1920-3.jpg 838w, https:\/\/www.foerderkreis-christenberg.de\/wp-content\/uploads\/2025\/08\/K-D-alt-1920-3-300x276.jpg 300w, https:\/\/www.foerderkreis-christenberg.de\/wp-content\/uploads\/2025\/08\/K-D-alt-1920-3-768x708.jpg 768w\" sizes=\"auto, (max-width: 838px) 100vw, 838px\" \/><\/a><figcaption class=\"wp-element-caption\">Chor mit Orgel 1920<\/figcaption><\/figure>\n\n\n\n<figure class=\"wp-block-image size-large\"><a href=\"https:\/\/www.foerderkreis-christenberg.de\/wp-content\/uploads\/2025\/08\/K-D-alt-1920-2.jpg\" target=\"_blank\" rel=\" noreferrer noopener\"><img loading=\"lazy\" decoding=\"async\" width=\"628\" height=\"794\" data-id=\"968\" src=\"https:\/\/www.foerderkreis-christenberg.de\/wp-content\/uploads\/2025\/08\/K-D-alt-1920-2.jpg\" alt=\"\" class=\"wp-image-968\" srcset=\"https:\/\/www.foerderkreis-christenberg.de\/wp-content\/uploads\/2025\/08\/K-D-alt-1920-2.jpg 628w, https:\/\/www.foerderkreis-christenberg.de\/wp-content\/uploads\/2025\/08\/K-D-alt-1920-2-237x300.jpg 237w\" sizes=\"auto, (max-width: 628px) 100vw, 628px\" \/><\/a><figcaption class=\"wp-element-caption\">Innenraum 1920<\/figcaption><\/figure>\n<\/figure>\n\n\n\n<p>Links die alte Vogt-Orgel auf ihrer Empore im Chorraum. Rechts der Innenraum mit zwei \u00fcbereinander verlaufenden Emporen. Auf der Stirnseite sind an der oberen Empore die sechs Tafeln zu erkennen, die auch in der neuen Kirche an der Empore h\u00e4ngen.<\/p>\n\n\n\n<h2 class=\"wp-block-heading\">Die Kapelle am Weg<\/h2>\n\n\n\n<p>Im Jahr 2000 wurde der Kirchturm, f\u00fcr den man bis dahin so keine rechte Verwendung hatte, zu einer <strong>Kapelle am Weg<\/strong> umgestaltet. Sie ist tags\u00fcber ge\u00f6ffnet und l\u00e4dt Passanten zu einer Pause, zu Stille und Besinnung ein.<\/p>\n\n\n\n<h2 class=\"wp-block-heading\">Der Meditationsweg<\/h2>\n\n\n\n<p>Seit 2007 beginnt an dieser Stelle der <strong>Meditationsweg<\/strong>. Die Idee dahinter ist die Verbindung von Bewegung in der Natur und geistiger Einkehr und orientiert sich an den <strong>Perlen des Glaubens<\/strong>. Am Start hier an der Kirche und am Ziel an der Martinskirche auf dem Christenberg steht jeweils die Gottesperle. F\u00fcr jede Perle steht entlang des Weges eine Station mit Texten, als Anregung zum Nachdenken \u00fcber Gott und die Welt, den eigenen Weg, die eigene Spiritualit\u00e4t. Seien Sie neugierig und probieren es einmal aus. Vertiefen Sie ihre Eindr\u00fccke und die Wirkung des Weges, indem Sie die Strecken zwischen den Stationen schweigend zur\u00fccklegen.<\/p>\n\n\n\n<figure class=\"wp-block-gallery has-nested-images columns-default is-cropped wp-block-gallery-3 is-layout-flex wp-block-gallery-is-layout-flex\" style=\"border-width:1px;border-radius:10px;padding-top:var(--wp--preset--spacing--20);padding-right:var(--wp--preset--spacing--20);padding-bottom:var(--wp--preset--spacing--20);padding-left:var(--wp--preset--spacing--20)\">\n<figure class=\"wp-block-image size-large\"><a href=\"https:\/\/www.foerderkreis-christenberg.de\/wp-content\/uploads\/2025\/08\/Tafel-1-Info-scaled.jpg\" target=\"_blank\" rel=\" noreferrer noopener\"><img loading=\"lazy\" decoding=\"async\" width=\"1024\" height=\"768\" data-id=\"975\" src=\"https:\/\/www.foerderkreis-christenberg.de\/wp-content\/uploads\/2025\/08\/Tafel-1-Info-1024x768.jpg\" alt=\"\" class=\"wp-image-975\" srcset=\"https:\/\/www.foerderkreis-christenberg.de\/wp-content\/uploads\/2025\/08\/Tafel-1-Info-1024x768.jpg 1024w, https:\/\/www.foerderkreis-christenberg.de\/wp-content\/uploads\/2025\/08\/Tafel-1-Info-300x225.jpg 300w, https:\/\/www.foerderkreis-christenberg.de\/wp-content\/uploads\/2025\/08\/Tafel-1-Info-768x576.jpg 768w, https:\/\/www.foerderkreis-christenberg.de\/wp-content\/uploads\/2025\/08\/Tafel-1-Info-1536x1152.jpg 1536w, https:\/\/www.foerderkreis-christenberg.de\/wp-content\/uploads\/2025\/08\/Tafel-1-Info-2048x1536.jpg 2048w\" sizes=\"auto, (max-width: 1024px) 100vw, 1024px\" \/><\/a><\/figure>\n\n\n\n<figure class=\"wp-block-image size-large\"><a href=\"https:\/\/www.foerderkreis-christenberg.de\/wp-content\/uploads\/2025\/08\/Perlen-des-Glaubens.jpg\" target=\"_blank\" rel=\" noreferrer noopener\"><img loading=\"lazy\" decoding=\"async\" width=\"635\" height=\"897\" data-id=\"973\" src=\"https:\/\/www.foerderkreis-christenberg.de\/wp-content\/uploads\/2025\/08\/Perlen-des-Glaubens.jpg\" alt=\"\" class=\"wp-image-973\" srcset=\"https:\/\/www.foerderkreis-christenberg.de\/wp-content\/uploads\/2025\/08\/Perlen-des-Glaubens.jpg 635w, https:\/\/www.foerderkreis-christenberg.de\/wp-content\/uploads\/2025\/08\/Perlen-des-Glaubens-212x300.jpg 212w\" sizes=\"auto, (max-width: 635px) 100vw, 635px\" \/><\/a><\/figure>\n\n\n\n<figure class=\"wp-block-image size-large\"><a href=\"https:\/\/www.foerderkreis-christenberg.de\/wp-content\/uploads\/2025\/07\/GlaubensPerlen.png\" target=\"_blank\" rel=\" noreferrer noopener\"><img loading=\"lazy\" decoding=\"async\" width=\"924\" height=\"619\" data-id=\"871\" src=\"https:\/\/www.foerderkreis-christenberg.de\/wp-content\/uploads\/2025\/07\/GlaubensPerlen.png\" alt=\"\" class=\"wp-image-871\" srcset=\"https:\/\/www.foerderkreis-christenberg.de\/wp-content\/uploads\/2025\/07\/GlaubensPerlen.png 924w, https:\/\/www.foerderkreis-christenberg.de\/wp-content\/uploads\/2025\/07\/GlaubensPerlen-300x201.png 300w, https:\/\/www.foerderkreis-christenberg.de\/wp-content\/uploads\/2025\/07\/GlaubensPerlen-768x514.png 768w\" sizes=\"auto, (max-width: 924px) 100vw, 924px\" \/><\/a><\/figure>\n<\/figure>\n\n\n\n<h2 class=\"wp-block-heading\">Die alte Vogt-Orgel<\/h2>\n\n\n\n<p>Die Orgel im alten Kirchenbau, mit 14 Registern, zwei Manualen und Pedal, wurde 1882 vom Korbacher Orgelbauer Eduard Vogt errichtet. Sie wurde 1973 ausgebaut und war vor\u00fcbergehend in Privatbesitz. Dann wurde sie erneut abgebaut und eingelagert. <\/p>\n\n\n\n<p>Dank privater Initiative wurde sie wiederentdeckt und mit Geschick und Hartn\u00e4ckigkeit zu einem Orgelprojekt f\u00fcr die Martinskirche auf dem Christenberg geformt. Mittlerweile ist die Orgel komplett restauriert und aufgebaut und tut nun wieder ihren Dienst &#8211; doch jetzt in der Martinskirche auf dem Christenberg!<\/p>\n\n\n\n<figure class=\"wp-block-gallery has-nested-images columns-default is-cropped wp-block-gallery-4 is-layout-flex wp-block-gallery-is-layout-flex\" style=\"border-width:1px;border-radius:10px;padding-top:var(--wp--preset--spacing--20);padding-right:var(--wp--preset--spacing--20);padding-bottom:var(--wp--preset--spacing--20);padding-left:var(--wp--preset--spacing--20)\">\n<figure class=\"wp-block-image size-large\"><a href=\"https:\/\/www.foerderkreis-christenberg.de\/wp-content\/uploads\/2025\/08\/K-D-Innenraum1-scaled.jpg\" target=\"_blank\" rel=\" noreferrer noopener\"><img loading=\"lazy\" decoding=\"async\" width=\"1024\" height=\"768\" data-id=\"977\" src=\"https:\/\/www.foerderkreis-christenberg.de\/wp-content\/uploads\/2025\/08\/K-D-Innenraum1-1024x768.jpg\" alt=\"\" class=\"wp-image-977\" srcset=\"https:\/\/www.foerderkreis-christenberg.de\/wp-content\/uploads\/2025\/08\/K-D-Innenraum1-1024x768.jpg 1024w, https:\/\/www.foerderkreis-christenberg.de\/wp-content\/uploads\/2025\/08\/K-D-Innenraum1-300x225.jpg 300w, https:\/\/www.foerderkreis-christenberg.de\/wp-content\/uploads\/2025\/08\/K-D-Innenraum1-768x576.jpg 768w, https:\/\/www.foerderkreis-christenberg.de\/wp-content\/uploads\/2025\/08\/K-D-Innenraum1-1536x1152.jpg 1536w, https:\/\/www.foerderkreis-christenberg.de\/wp-content\/uploads\/2025\/08\/K-D-Innenraum1-2048x1536.jpg 2048w\" sizes=\"auto, (max-width: 1024px) 100vw, 1024px\" \/><\/a><\/figure>\n\n\n\n<figure class=\"wp-block-image size-large\"><a href=\"https:\/\/www.foerderkreis-christenberg.de\/wp-content\/uploads\/2025\/08\/K-D-Innenraum2-scaled.jpg\" target=\"_blank\" rel=\" noreferrer noopener\"><img loading=\"lazy\" decoding=\"async\" width=\"1024\" height=\"768\" data-id=\"978\" src=\"https:\/\/www.foerderkreis-christenberg.de\/wp-content\/uploads\/2025\/08\/K-D-Innenraum2-1024x768.jpg\" alt=\"\" class=\"wp-image-978\" srcset=\"https:\/\/www.foerderkreis-christenberg.de\/wp-content\/uploads\/2025\/08\/K-D-Innenraum2-1024x768.jpg 1024w, https:\/\/www.foerderkreis-christenberg.de\/wp-content\/uploads\/2025\/08\/K-D-Innenraum2-300x225.jpg 300w, https:\/\/www.foerderkreis-christenberg.de\/wp-content\/uploads\/2025\/08\/K-D-Innenraum2-768x576.jpg 768w, https:\/\/www.foerderkreis-christenberg.de\/wp-content\/uploads\/2025\/08\/K-D-Innenraum2-1536x1152.jpg 1536w, https:\/\/www.foerderkreis-christenberg.de\/wp-content\/uploads\/2025\/08\/K-D-Innenraum2-2048x1536.jpg 2048w\" sizes=\"auto, (max-width: 1024px) 100vw, 1024px\" \/><\/a><\/figure>\n<\/figure>\n\n\n\n<p>Innenraum mit der Glasfront nach Osten. Rechts die B\u00f6ttner-Orgel von 1976.<\/p>\n\n\n\n<h2 class=\"wp-block-heading\">Die Kirche heute<\/h2>\n\n\n\n<p>Die Orgel, die heute in der Kirche spielt, hat der Frankenberger Orgelbauer B\u00f6ttner in 1976 errichtet. Das Kreuz an der Wand hinter dem Altar wurde aus Balken des alten Daches gezimmert. Das Kruzifix ist aus dem 17. Jahrhundert. Sechs Bilder mit biblischen Motiven zieren die Br\u00fcstung der Empore, sie stammen aus dem 18. Jahrhundert. Bemerkenswert ist die Verglasung auf der Ostseite der Kirche.<\/p>\n\n\n\n<figure class=\"wp-block-gallery has-nested-images columns-default is-cropped wp-block-gallery-5 is-layout-flex wp-block-gallery-is-layout-flex\" style=\"border-width:1px;border-radius:10px;padding-top:var(--wp--preset--spacing--20);padding-right:var(--wp--preset--spacing--20);padding-bottom:var(--wp--preset--spacing--20);padding-left:var(--wp--preset--spacing--20)\">\n<figure class=\"wp-block-image size-large\"><a href=\"https:\/\/www.foerderkreis-christenberg.de\/wp-content\/uploads\/2025\/08\/K-D-Innenraum3-scaled.jpg\" target=\"_blank\" rel=\" noreferrer noopener\"><img loading=\"lazy\" decoding=\"async\" width=\"768\" height=\"1024\" data-id=\"979\" src=\"https:\/\/www.foerderkreis-christenberg.de\/wp-content\/uploads\/2025\/08\/K-D-Innenraum3-768x1024.jpg\" alt=\"\" class=\"wp-image-979\" srcset=\"https:\/\/www.foerderkreis-christenberg.de\/wp-content\/uploads\/2025\/08\/K-D-Innenraum3-768x1024.jpg 768w, https:\/\/www.foerderkreis-christenberg.de\/wp-content\/uploads\/2025\/08\/K-D-Innenraum3-225x300.jpg 225w, https:\/\/www.foerderkreis-christenberg.de\/wp-content\/uploads\/2025\/08\/K-D-Innenraum3-1152x1536.jpg 1152w, https:\/\/www.foerderkreis-christenberg.de\/wp-content\/uploads\/2025\/08\/K-D-Innenraum3-1536x2048.jpg 1536w, https:\/\/www.foerderkreis-christenberg.de\/wp-content\/uploads\/2025\/08\/K-D-Innenraum3-scaled.jpg 1920w\" sizes=\"auto, (max-width: 768px) 100vw, 768px\" \/><\/a><\/figure>\n\n\n\n<figure class=\"wp-block-image size-large\"><a href=\"https:\/\/www.foerderkreis-christenberg.de\/wp-content\/uploads\/2025\/08\/K-D-Innenraum4-scaled.jpg\" target=\"_blank\" rel=\" noreferrer noopener\"><img loading=\"lazy\" decoding=\"async\" width=\"1024\" height=\"768\" data-id=\"980\" src=\"https:\/\/www.foerderkreis-christenberg.de\/wp-content\/uploads\/2025\/08\/K-D-Innenraum4-1024x768.jpg\" alt=\"\" class=\"wp-image-980\" srcset=\"https:\/\/www.foerderkreis-christenberg.de\/wp-content\/uploads\/2025\/08\/K-D-Innenraum4-1024x768.jpg 1024w, https:\/\/www.foerderkreis-christenberg.de\/wp-content\/uploads\/2025\/08\/K-D-Innenraum4-300x225.jpg 300w, https:\/\/www.foerderkreis-christenberg.de\/wp-content\/uploads\/2025\/08\/K-D-Innenraum4-768x576.jpg 768w, https:\/\/www.foerderkreis-christenberg.de\/wp-content\/uploads\/2025\/08\/K-D-Innenraum4-1536x1152.jpg 1536w, https:\/\/www.foerderkreis-christenberg.de\/wp-content\/uploads\/2025\/08\/K-D-Innenraum4-2048x1536.jpg 2048w\" sizes=\"auto, (max-width: 1024px) 100vw, 1024px\" \/><\/a><\/figure>\n<\/figure>\n\n\n\n<p>Das alte Kruzifix auf dem Kreuz aus Dachbalken. Rechts die sechs Motivtafeln aus der alten Kirche.<\/p>\n<\/div>\n\n\n\n<p><\/p>\n","protected":false},"excerpt":{"rendered":"<p>Die evangelische Kirche M\u00fcnchhausen Die evangelische Kirche in M\u00fcnchhausen ist eine von sechs Kirchen in der evangelischen Kirchengemeinde Christenberg-Hollende. Diese Gemeinde besteht aus den Ortschaften Niederasphe, Simtshausen, Treisbach, Wollmar und M\u00fcnchhausen. Die sechste Kirche ist die Martinskirche auf dem Christenberg. Zur Geschichte der Kirche Sie stehen hier am Chorturm des aus dem fr\u00fchen 15. Jahrhundert [&hellip;]<\/p>\n","protected":false},"author":2,"featured_media":0,"parent":0,"menu_order":0,"comment_status":"closed","ping_status":"closed","template":"","meta":{"footnotes":""},"class_list":["post-962","page","type-page","status-publish","hentry"],"jetpack_sharing_enabled":true,"_links":{"self":[{"href":"https:\/\/www.foerderkreis-christenberg.de\/index.php\/wp-json\/wp\/v2\/pages\/962","targetHints":{"allow":["GET"]}}],"collection":[{"href":"https:\/\/www.foerderkreis-christenberg.de\/index.php\/wp-json\/wp\/v2\/pages"}],"about":[{"href":"https:\/\/www.foerderkreis-christenberg.de\/index.php\/wp-json\/wp\/v2\/types\/page"}],"author":[{"embeddable":true,"href":"https:\/\/www.foerderkreis-christenberg.de\/index.php\/wp-json\/wp\/v2\/users\/2"}],"replies":[{"embeddable":true,"href":"https:\/\/www.foerderkreis-christenberg.de\/index.php\/wp-json\/wp\/v2\/comments?post=962"}],"version-history":[{"count":16,"href":"https:\/\/www.foerderkreis-christenberg.de\/index.php\/wp-json\/wp\/v2\/pages\/962\/revisions"}],"predecessor-version":[{"id":1863,"href":"https:\/\/www.foerderkreis-christenberg.de\/index.php\/wp-json\/wp\/v2\/pages\/962\/revisions\/1863"}],"wp:attachment":[{"href":"https:\/\/www.foerderkreis-christenberg.de\/index.php\/wp-json\/wp\/v2\/media?parent=962"}],"curies":[{"name":"wp","href":"https:\/\/api.w.org\/{rel}","templated":true}]}}