{"id":562,"date":"2023-06-13T10:46:50","date_gmt":"2023-06-13T08:46:50","guid":{"rendered":"https:\/\/www.foerderkreis-christenberg.de\/?page_id=562"},"modified":"2026-02-16T22:27:42","modified_gmt":"2026-02-16T21:27:42","slug":"die-martinskirche","status":"publish","type":"page","link":"https:\/\/www.foerderkreis-christenberg.de\/index.php\/die-martinskirche\/","title":{"rendered":"Die Martinskirche"},"content":{"rendered":"\n<p><\/p>\n\n\n\n<p><\/p>\n\n\n\n<div class=\"wp-block-group has-background has-global-padding is-layout-constrained wp-container-core-group-is-layout-c385debf wp-block-group-is-layout-constrained\" style=\"background-color:#ffffff;padding-top:var(--wp--preset--spacing--20);padding-right:var(--wp--preset--spacing--20);padding-bottom:var(--wp--preset--spacing--20);padding-left:var(--wp--preset--spacing--20)\">\n<p>Der F\u00f6rderkreis Christenberg e.V. hei\u00dft Sie herzlich willkommen auf dem 387 m hohen Christenberg. Sie stehen vor der Martinskirche. M\u00f6chten Sie auch einen Blick ins Innere des tausend Jahre alten Gem\u00e4uers werfen? Im Waldgasthaus kann der Schl\u00fcssel &#8211; w\u00e4hrend der \u00d6ffnungszeiten &#8211; ausgeliehen werden.<\/p>\n\n\n\n<h2 class=\"wp-block-heading\">Die Martinskirche stellt sich vor<\/h2>\n\n\n\n<p><strong>\u00bbWarum hei\u00dfe ich eigentlich Martinskirche?\u00ab<\/strong><\/p>\n\n\n\n<figure class=\"wp-block-gallery has-nested-images columns-default is-cropped wp-block-gallery-1 is-layout-flex wp-block-gallery-is-layout-flex\" style=\"border-width:1px;border-radius:10px;padding-top:var(--wp--preset--spacing--20);padding-right:var(--wp--preset--spacing--20);padding-bottom:var(--wp--preset--spacing--20);padding-left:var(--wp--preset--spacing--20)\">\n<figure class=\"wp-block-image size-large\"><img loading=\"lazy\" decoding=\"async\" width=\"683\" height=\"1024\" data-id=\"67\" src=\"https:\/\/www.foerderkreis-christenberg.de\/wp-content\/uploads\/2012\/02\/martinsfuss-683x1024.jpg\" alt=\"martinsfuss\" class=\"wp-image-67\" srcset=\"https:\/\/www.foerderkreis-christenberg.de\/wp-content\/uploads\/2012\/02\/martinsfuss.JPG 683w, https:\/\/www.foerderkreis-christenberg.de\/wp-content\/uploads\/2012\/02\/martinsfuss-200x300.jpg 200w\" sizes=\"auto, (max-width: 683px) 100vw, 683px\" \/><figcaption class=\"wp-element-caption\">St. Martin Fu\u00dfabdruck<\/figcaption><\/figure>\n\n\n\n<figure class=\"wp-block-image size-large\"><img loading=\"lazy\" decoding=\"async\" width=\"804\" height=\"940\" data-id=\"861\" src=\"https:\/\/www.foerderkreis-christenberg.de\/wp-content\/uploads\/2025\/07\/StMartinMantel.png\" alt=\"\" class=\"wp-image-861\" srcset=\"https:\/\/www.foerderkreis-christenberg.de\/wp-content\/uploads\/2025\/07\/StMartinMantel.png 804w, https:\/\/www.foerderkreis-christenberg.de\/wp-content\/uploads\/2025\/07\/StMartinMantel-257x300.png 257w, https:\/\/www.foerderkreis-christenberg.de\/wp-content\/uploads\/2025\/07\/StMartinMantel-768x898.png 768w\" sizes=\"auto, (max-width: 804px) 100vw, 804px\" \/><figcaption class=\"wp-element-caption\">Martin teilt den Mantel<\/figcaption><\/figure>\n<\/figure>\n\n\n\n<p>Gehen Sie einige Schritte zur\u00fcck zum Schild Nr. 13 des Meditationsweges. Am Pfosten unterhalb des Schildes ist das links abgebildete Enblem angebracht. <\/p>\n\n\n\n<p>Die Kirche auf dem Christenberg wurde schon fr\u00fch dem Heiligen Martin geweiht. Das Enblem soll auf die Bedeutung der Kirche &#8211; wie auch des gesamten Christenberges &#8211; als eine Station auf den Wegen europ\u00e4ischer Kultur hinweisen.<\/p>\n\n\n\n<p>Der Fu\u00dfabdruck des Heiligen Martin will uns dazu einladen, selbst in Martins Fu\u00dfstapfen zu treten und die Tradition des Teilens und der christlichen N\u00e4chstenliebe zu f\u00f6rdern.<\/p>\n\n\n\n<figure class=\"wp-block-gallery has-nested-images columns-default is-cropped wp-block-gallery-2 is-layout-flex wp-block-gallery-is-layout-flex\" style=\"border-width:1px;border-radius:10px;padding-top:var(--wp--preset--spacing--20);padding-right:var(--wp--preset--spacing--20);padding-bottom:var(--wp--preset--spacing--20);padding-left:var(--wp--preset--spacing--20)\">\n<figure class=\"wp-block-image size-large\"><a href=\"https:\/\/www.foerderkreis-christenberg.de\/wp-content\/uploads\/2025\/07\/P1013055-2-scaled.jpg\" target=\"_blank\" rel=\" noreferrer noopener\"><img loading=\"lazy\" decoding=\"async\" width=\"1024\" height=\"768\" data-id=\"931\" src=\"https:\/\/www.foerderkreis-christenberg.de\/wp-content\/uploads\/2025\/07\/P1013055-2-1024x768.jpg\" alt=\"\" class=\"wp-image-931\" srcset=\"https:\/\/www.foerderkreis-christenberg.de\/wp-content\/uploads\/2025\/07\/P1013055-2-1024x768.jpg 1024w, https:\/\/www.foerderkreis-christenberg.de\/wp-content\/uploads\/2025\/07\/P1013055-2-300x225.jpg 300w, https:\/\/www.foerderkreis-christenberg.de\/wp-content\/uploads\/2025\/07\/P1013055-2-768x576.jpg 768w, https:\/\/www.foerderkreis-christenberg.de\/wp-content\/uploads\/2025\/07\/P1013055-2-1536x1152.jpg 1536w, https:\/\/www.foerderkreis-christenberg.de\/wp-content\/uploads\/2025\/07\/P1013055-2-2048x1536.jpg 2048w\" sizes=\"auto, (max-width: 1024px) 100vw, 1024px\" \/><\/a><figcaption class=\"wp-element-caption\">Nordseite mit Eingang<\/figcaption><\/figure>\n\n\n\n<figure class=\"wp-block-image size-large\"><a href=\"https:\/\/www.foerderkreis-christenberg.de\/wp-content\/uploads\/2025\/07\/P1013034-a-1-scaled.jpg\" target=\"_blank\" rel=\" noreferrer noopener\"><img loading=\"lazy\" decoding=\"async\" width=\"1024\" height=\"768\" data-id=\"843\" src=\"https:\/\/www.foerderkreis-christenberg.de\/wp-content\/uploads\/2025\/07\/P1013034-a-1-1024x768.jpg\" alt=\"\" class=\"wp-image-843\" srcset=\"https:\/\/www.foerderkreis-christenberg.de\/wp-content\/uploads\/2025\/07\/P1013034-a-1-1024x768.jpg 1024w, https:\/\/www.foerderkreis-christenberg.de\/wp-content\/uploads\/2025\/07\/P1013034-a-1-300x225.jpg 300w, https:\/\/www.foerderkreis-christenberg.de\/wp-content\/uploads\/2025\/07\/P1013034-a-1-768x576.jpg 768w, https:\/\/www.foerderkreis-christenberg.de\/wp-content\/uploads\/2025\/07\/P1013034-a-1-1536x1152.jpg 1536w, https:\/\/www.foerderkreis-christenberg.de\/wp-content\/uploads\/2025\/07\/P1013034-a-1-2048x1536.jpg 2048w\" sizes=\"auto, (max-width: 1024px) 100vw, 1024px\" \/><\/a><figcaption class=\"wp-element-caption\">Blick in den Chorraum<\/figcaption><\/figure>\n\n\n\n<figure class=\"wp-block-image size-large\"><a href=\"https:\/\/www.foerderkreis-christenberg.de\/wp-content\/uploads\/2025\/11\/IMG_8204a-scaled.jpg\" target=\"_blank\" rel=\" noreferrer noopener\"><img loading=\"lazy\" decoding=\"async\" width=\"1024\" height=\"768\" data-id=\"1456\" src=\"https:\/\/www.foerderkreis-christenberg.de\/wp-content\/uploads\/2025\/11\/IMG_8204a-1024x768.jpg\" alt=\"\" class=\"wp-image-1456\" srcset=\"https:\/\/www.foerderkreis-christenberg.de\/wp-content\/uploads\/2025\/11\/IMG_8204a-1024x768.jpg 1024w, https:\/\/www.foerderkreis-christenberg.de\/wp-content\/uploads\/2025\/11\/IMG_8204a-300x225.jpg 300w, https:\/\/www.foerderkreis-christenberg.de\/wp-content\/uploads\/2025\/11\/IMG_8204a-768x576.jpg 768w, https:\/\/www.foerderkreis-christenberg.de\/wp-content\/uploads\/2025\/11\/IMG_8204a-1536x1152.jpg 1536w, https:\/\/www.foerderkreis-christenberg.de\/wp-content\/uploads\/2025\/11\/IMG_8204a-2048x1536.jpg 2048w\" sizes=\"auto, (max-width: 1024px) 100vw, 1024px\" \/><\/a><figcaption class=\"wp-element-caption\">Kirche mit Konzert-Bestuhlung<\/figcaption><\/figure>\n<\/figure>\n\n\n\n<h2 class=\"wp-block-heading\">Tausend Jahre Kirche auf dem Christenberg<\/h2>\n\n\n\n<p>Bereits im elften Jahrhundert wurde die heutige Kirche errichtet: mit dem romanischen Mittelbau und dem Wehrturm mit seinen zwei Meter dicken W\u00e4nden. Urspr\u00fcnglich befand sich eine halbrunde <strong>Apsis<\/strong> (siehe <strong>Beispielbild<\/strong>) am \u00f6stlichen Ende der Kirche. Diese wurde abgetragen und im Jahr 1520 durch einen Anbau im Stil der Sp\u00e4tgotik und in einer F\u00fcnf-Achtel-Bauweise errichtet. Durch die hohen Fenster dieses Chorraumes f\u00e4llt viel Licht ins Kircheninnere und erhellt den Raum. Mit den viel kleineren je zwei romanischen Fenstern auf der Nord- und S\u00fcdseite des Kirchenschiffes d\u00fcrfte der Raum zuvor erheblich d\u00fcsterer gewirkt haben. Besonders eindrucksvoll ist die Stimmung, wenn am fr\u00fchen Morgen des Ostersonntages w\u00e4hrend des Gottesdienstes das Licht der aufgehenden Sonne in den Chorraum f\u00e4llt.<\/p>\n\n\n\n<p>Auch der Turmhelm mit den vier Eckt\u00fcrmchen wurde erst 1520 aufgesetzt. Die au\u00dfen sichtbaren m\u00e4chtigen Strebepfeiler weisen auf eine hohe Belastung der W\u00e4nde hin, verursacht durch die steinerne Gew\u00f6lbedecke des Kirchenschiffes. Im Jahr 1817 wurde diese Gew\u00f6lbedecke aus dem Kirchenschiff herausgebrochen. Mit dem so gewonnenen Baumaterial hat man dann das Kirchenschiff erh\u00f6ht. Der Maueransatz ist deutlich zu erkennen. Durch die Erh\u00f6hung des Kirchenschiffes konnten zwei \u00fcbereinander verlaufende <strong>Emporen<\/strong> (siehe folgendes Bild) eingebaut werden. Und damit nun auch gen\u00fcgend Licht einfallen konnte, wurden die kleinen romanischen durch gro\u00dfe klassizistische Fenster ersetzt.<\/p>\n\n\n\n<figure class=\"wp-block-gallery has-nested-images columns-default is-cropped wp-block-gallery-3 is-layout-flex wp-block-gallery-is-layout-flex\" style=\"border-width:1px;border-radius:10px;padding-top:var(--wp--preset--spacing--20);padding-right:var(--wp--preset--spacing--20);padding-bottom:var(--wp--preset--spacing--20);padding-left:var(--wp--preset--spacing--20)\">\n<figure class=\"wp-block-image size-large\"><img loading=\"lazy\" decoding=\"async\" width=\"651\" height=\"708\" data-id=\"936\" src=\"https:\/\/www.foerderkreis-christenberg.de\/wp-content\/uploads\/2025\/07\/Apsis.png\" alt=\"\" class=\"wp-image-936\" srcset=\"https:\/\/www.foerderkreis-christenberg.de\/wp-content\/uploads\/2025\/07\/Apsis.png 651w, https:\/\/www.foerderkreis-christenberg.de\/wp-content\/uploads\/2025\/07\/Apsis-276x300.png 276w\" sizes=\"auto, (max-width: 651px) 100vw, 651px\" \/><figcaption class=\"wp-element-caption\">Beispiel f\u00fcr eine Apsis<\/figcaption><\/figure>\n\n\n\n<figure class=\"wp-block-image size-large\"><a href=\"https:\/\/www.foerderkreis-christenberg.de\/wp-content\/uploads\/2025\/07\/fm7465-1.jpg\" target=\"_blank\" rel=\" noreferrer noopener\"><img loading=\"lazy\" decoding=\"async\" width=\"751\" height=\"1024\" data-id=\"937\" src=\"https:\/\/www.foerderkreis-christenberg.de\/wp-content\/uploads\/2025\/07\/fm7465-1-751x1024.jpg\" alt=\"\" class=\"wp-image-937\" srcset=\"https:\/\/www.foerderkreis-christenberg.de\/wp-content\/uploads\/2025\/07\/fm7465-1-751x1024.jpg 751w, https:\/\/www.foerderkreis-christenberg.de\/wp-content\/uploads\/2025\/07\/fm7465-1-220x300.jpg 220w, https:\/\/www.foerderkreis-christenberg.de\/wp-content\/uploads\/2025\/07\/fm7465-1-768x1047.jpg 768w, https:\/\/www.foerderkreis-christenberg.de\/wp-content\/uploads\/2025\/07\/fm7465-1.jpg 880w\" sizes=\"auto, (max-width: 751px) 100vw, 751px\" \/><\/a><figcaption class=\"wp-element-caption\">Bildarchiv Foto Marburg<\/figcaption><\/figure>\n<\/figure>\n\n\n\n<p>1953 war die Kirche erneut reparaturbed\u00fcrftig. Zur Durchf\u00fchrung kam eine einfache und historisch dennoch richtige L\u00f6sung. Die bauf\u00e4lligen Emporen wurden wieder aus der Kirche entfernt, die klassizistischen Fenster vermauert und durch die urspr\u00fcnglichen romanischen Fenster ersetzt. Oben in der Nordwand sind von au\u00dfen noch zwei alte Fensterst\u00fcrze zu erkennen. Bei Grabungen in den Jahren 1953 und 1954 wurden au\u00dferdem \u00dcberreste von zwei noch \u00e4lteren Vorg\u00e4ngerbauten der Kirche gefunden: sie stammen aus ottonischer (um das Jahr 1000) oder sogar aus karolingischer Zeit (um das Jahr 800).<\/p>\n\n\n\n<figure class=\"wp-block-gallery has-nested-images columns-default is-cropped wp-block-gallery-4 is-layout-flex wp-block-gallery-is-layout-flex\" style=\"border-width:1px;border-radius:10px;padding-top:var(--wp--preset--spacing--20);padding-right:var(--wp--preset--spacing--20);padding-bottom:var(--wp--preset--spacing--20);padding-left:var(--wp--preset--spacing--20)\">\n<figure class=\"wp-block-image size-large\"><a href=\"https:\/\/www.foerderkreis-christenberg.de\/wp-content\/uploads\/2025\/07\/fm810522-1.jpg\" target=\"_blank\" rel=\" noreferrer noopener\"><img loading=\"lazy\" decoding=\"async\" width=\"771\" height=\"1024\" data-id=\"938\" src=\"https:\/\/www.foerderkreis-christenberg.de\/wp-content\/uploads\/2025\/07\/fm810522-1-771x1024.jpg\" alt=\"\" class=\"wp-image-938\" srcset=\"https:\/\/www.foerderkreis-christenberg.de\/wp-content\/uploads\/2025\/07\/fm810522-1-771x1024.jpg 771w, https:\/\/www.foerderkreis-christenberg.de\/wp-content\/uploads\/2025\/07\/fm810522-1-226x300.jpg 226w, https:\/\/www.foerderkreis-christenberg.de\/wp-content\/uploads\/2025\/07\/fm810522-1-768x1021.jpg 768w, https:\/\/www.foerderkreis-christenberg.de\/wp-content\/uploads\/2025\/07\/fm810522-1.jpg 903w\" sizes=\"auto, (max-width: 771px) 100vw, 771px\" \/><\/a><figcaption class=\"wp-element-caption\">Bildarchiv Foto Marburg<\/figcaption><\/figure>\n\n\n\n<figure class=\"wp-block-image size-large\"><a href=\"https:\/\/www.foerderkreis-christenberg.de\/wp-content\/uploads\/2023\/06\/Innenraum-Mart.Ki_.-2004.jpg\" target=\"_blank\" rel=\" noreferrer noopener\"><img loading=\"lazy\" decoding=\"async\" width=\"704\" height=\"1024\" data-id=\"565\" src=\"https:\/\/www.foerderkreis-christenberg.de\/wp-content\/uploads\/2023\/06\/Innenraum-Mart.Ki_.-2004-704x1024.jpg\" alt=\"Innenraum der Martinskirche mit den bis 2006 installierten Bankreihen\" class=\"wp-image-565\" srcset=\"https:\/\/www.foerderkreis-christenberg.de\/wp-content\/uploads\/2023\/06\/Innenraum-Mart.Ki_.-2004-704x1024.jpg 704w, https:\/\/www.foerderkreis-christenberg.de\/wp-content\/uploads\/2023\/06\/Innenraum-Mart.Ki_.-2004-206x300.jpg 206w, https:\/\/www.foerderkreis-christenberg.de\/wp-content\/uploads\/2023\/06\/Innenraum-Mart.Ki_.-2004-768x1117.jpg 768w, https:\/\/www.foerderkreis-christenberg.de\/wp-content\/uploads\/2023\/06\/Innenraum-Mart.Ki_.-2004.jpg 825w\" sizes=\"auto, (max-width: 704px) 100vw, 704px\" \/><\/a><figcaption class=\"wp-element-caption\">Bildarchiv Foto Marburg<\/figcaption><\/figure>\n\n\n\n<figure class=\"wp-block-image size-large\"><a href=\"https:\/\/www.foerderkreis-christenberg.de\/wp-content\/uploads\/2023\/06\/Schiff.Chb_.3-scaled.jpg\" target=\"_blank\" rel=\" noreferrer noopener\"><img loading=\"lazy\" decoding=\"async\" width=\"768\" height=\"1024\" data-id=\"564\" src=\"https:\/\/www.foerderkreis-christenberg.de\/wp-content\/uploads\/2023\/06\/Schiff.Chb_.3-768x1024.jpg\" alt=\"Innenraum der Martinskirche mit der Bestuhlung\" class=\"wp-image-564\" srcset=\"https:\/\/www.foerderkreis-christenberg.de\/wp-content\/uploads\/2023\/06\/Schiff.Chb_.3-768x1024.jpg 768w, https:\/\/www.foerderkreis-christenberg.de\/wp-content\/uploads\/2023\/06\/Schiff.Chb_.3-225x300.jpg 225w, https:\/\/www.foerderkreis-christenberg.de\/wp-content\/uploads\/2023\/06\/Schiff.Chb_.3-1152x1536.jpg 1152w, https:\/\/www.foerderkreis-christenberg.de\/wp-content\/uploads\/2023\/06\/Schiff.Chb_.3-1536x2048.jpg 1536w, https:\/\/www.foerderkreis-christenberg.de\/wp-content\/uploads\/2023\/06\/Schiff.Chb_.3-scaled.jpg 1920w\" sizes=\"auto, (max-width: 768px) 100vw, 768px\" \/><\/a><figcaption class=\"wp-element-caption\">Bestuhlung heute<\/figcaption><\/figure>\n<\/figure>\n\n\n\n<p>Im Jahr 2006 wurde der Innenraum nochmals umgestaltet. Bei dieser letzten gro\u00dfen Renovierung wurden die B\u00e4nke durch St\u00fchle ersetzt. Es steht auch kein gro\u00dfer Ofen mehr hinten im Wehrturm. Eine unsichtbar in Boden und W\u00e4nden eingebaute elektrische Heizung temperiert heute &#8211; bei Veranstaltungen an k\u00fchleren und kalten Tagen &#8211; den Innenraum.<\/p>\n\n\n\n<h2 class=\"wp-block-heading\">Bauarbeiten in 2025<\/h2>\n\n\n\n<p>Und in 2025 stand eine weitere Neuerung an: die Martinskirche erhielt eine neue Orgel! Besucher unserer Gottesdienste und Veranstaltungen kennen die elektronische Orgel, die bislang den Gesang begleitete oder zu Konzerten erklang, und das mit beachtlichem Klangumfang.<\/p>\n\n\n\n<p>Die ehemalige Orgel aus der Dorfkirche von M\u00fcnchhausen, erbaut 1882 vom Korbacher Orgelbauer Eduard Vogt, wurde beim Um- und Neubau der Dorfkirche entfernt. Sie war danach in Privatbesitz, wurde Jahre sp\u00e4ter eingelagert, wiederentdeckt und gelangte auf verschlungenen Pfaden schlie\u00dflich zu einem abenteuerlichen und spannenden Orgelbauprojekt. Doch das ist eine andere Geschichte, dar\u00fcber wird sp\u00e4ter und ausf\u00fchrlicher noch berichtet. <\/p>\n\n\n\n<p>Inzwischen wurde die alte Orgel von Orgelbaumeister Andreas Schmidt und seinen Mitarbeitern in der Werkstatt in Linsengericht restauriert und schlie\u00dflich in der Martinskirche auf dem Christenberg aufgebaut.<\/p>\n\n\n\n<p>Aus diesem Grund war die Martinskirche zeitweise f\u00fcr die \u00d6ffentlichkeit geschlossen, damit die Orgelbauer in Ruhe und ungest\u00f6rt ihre Arbeit verrichten konnten. Wir bedanken uns f\u00fcr Ihr Verst\u00e4ndnis, sollten Sie vor verschlossener T\u00fcr gestanden haben. Unsere Geduld wird jetzt belohnt mit einer neuen Sehensw\u00fcrdigkeit, die den Kirchenraum nachhaltig ver\u00e4ndert hat.<\/p>\n\n\n\n<p class=\"has-link-color wp-elements-210376effa4b00b645a94a9e6f555f15\"><strong>Neugierig geworden?<\/strong> Dann holen Sie sich den Schl\u00fcssel und machen einen Rundgang durch die Martinskirche. Und bei weitergehendem Interesse bieten wir <a href=\"https:\/\/www.foerderkreis-christenberg.de\/index.php\/fuehrungen\/\" data-type=\"page\" data-id=\"66\" target=\"_blank\" rel=\"noreferrer noopener\"><strong>F\u00fchrungen<\/strong><\/a> an. Informieren Sie sich auf unseren Internetseiten unter <a href=\"https:\/\/www.foerderkreis-christenberg.de\" target=\"_blank\" rel=\"noreferrer noopener\">www.foerderkreis-christenberg.de<\/a> und fragen Sie gerne nach unter <a href=\"mailto:info@foerderkreis-christenberg.de\">info@foerderkreis-christenberg.de<\/a>.<\/p>\n\n\n\n<div style=\"height:20px\" aria-hidden=\"true\" class=\"wp-block-spacer\"><\/div>\n\n\n\n<p class=\"has-text-align-left has-accent-2-color has-contrast-background-color has-text-color has-background has-link-color wp-elements-0019e8024e0da572cd56b8afc0345754\" style=\"border-width:10px;padding-top:var(--wp--preset--spacing--20);padding-right:var(--wp--preset--spacing--20);padding-bottom:var(--wp--preset--spacing--20);padding-left:var(--wp--preset--spacing--20)\"><strong><a href=\"https:\/\/www.foerderkreis-christenberg.de\/index.php\/kurzinfo\/die-vogt-orgel\/\" data-type=\"page\" data-id=\"1454\" target=\"_blank\" rel=\"noreferrer noopener\">Die Vogt-Orgel von 1882<\/a><\/strong> &#8211; Eine spannende Geschichte<\/p>\n\n\n\n<details class=\"wp-block-details has-accent-2-color has-contrast-background-color has-text-color has-background has-link-color wp-elements-f3fd52298ac7652567b10a02d73f7dc6 is-layout-flow wp-block-details-is-layout-flow\" style=\"border-width:10px;padding-top:var(--wp--preset--spacing--20);padding-right:var(--wp--preset--spacing--20);padding-bottom:var(--wp--preset--spacing--20);padding-left:var(--wp--preset--spacing--20)\"><summary><strong>Ein kurzer Videoclip \u00fcber die Martinskirche<\/strong><\/summary>\n<p><\/p>\n\n\n\n<figure class=\"wp-block-video\"><video height=\"720\" style=\"aspect-ratio: 1280 \/ 720;\" width=\"1280\" controls poster=\"https:\/\/www.foerderkreis-christenberg.de\/wp-content\/uploads\/2025\/11\/IMG_8204a-scaled.jpg\" src=\"https:\/\/www.foerderkreis-christenberg.de\/wp-content\/uploads\/2025\/11\/Martinskirche-Video5.mp4\"><\/video><\/figure>\n\n\n\n<p><\/p>\n<\/details>\n\n\n\n<details class=\"wp-block-details has-accent-2-color has-contrast-background-color has-text-color has-background has-link-color wp-elements-6f30a2e466e4f6fab5a1b203a66667cf is-layout-flow wp-block-details-is-layout-flow\" style=\"border-width:10px;padding-top:var(--wp--preset--spacing--20);padding-right:var(--wp--preset--spacing--20);padding-bottom:var(--wp--preset--spacing--20);padding-left:var(--wp--preset--spacing--20)\"><summary><strong>Audioclips zur Martinskirche<\/strong><\/summary>\n<p>Diese drei Audioclips erkl\u00e4ren Ihnen einige Besonderheiten der Martinskirche. H\u00f6ren Sie zu, w\u00e4hrend Sie schauen!<\/p>\n\n\n\n<figure class=\"wp-block-audio\"><audio controls src=\"https:\/\/www.foerderkreis-christenberg.de\/wp-content\/uploads\/2025\/11\/Martinskirche-Audio1.mp3\"><\/audio><\/figure>\n\n\n\n<figure class=\"wp-block-audio\"><audio controls src=\"https:\/\/www.foerderkreis-christenberg.de\/wp-content\/uploads\/2025\/11\/Martinskirche-Audio2.mp3\"><\/audio><\/figure>\n\n\n\n<figure class=\"wp-block-audio\"><audio controls src=\"https:\/\/www.foerderkreis-christenberg.de\/wp-content\/uploads\/2025\/11\/Martinskirche-Audio3.mp3\"><\/audio><\/figure>\n\n\n\n<p>Wie h\u00f6rt sich die Orgel an?<\/p>\n\n\n\n<figure class=\"wp-block-audio\"><audio controls src=\"https:\/\/www.foerderkreis-christenberg.de\/wp-content\/uploads\/2025\/11\/JensD-Debus-11Audio.mp3\"><\/audio><\/figure>\n<\/details>\n\n\n\n<p><\/p>\n<\/div>\n","protected":false},"excerpt":{"rendered":"<p>Der F\u00f6rderkreis Christenberg e.V. hei\u00dft Sie herzlich willkommen auf dem 387 m hohen Christenberg. Sie stehen vor der Martinskirche. M\u00f6chten Sie auch einen Blick ins Innere des tausend Jahre alten Gem\u00e4uers werfen? Im Waldgasthaus kann der Schl\u00fcssel &#8211; w\u00e4hrend der \u00d6ffnungszeiten &#8211; ausgeliehen werden. Die Martinskirche stellt sich vor \u00bbWarum hei\u00dfe ich eigentlich Martinskirche?\u00ab Gehen [&hellip;]<\/p>\n","protected":false},"author":2,"featured_media":0,"parent":0,"menu_order":0,"comment_status":"closed","ping_status":"closed","template":"","meta":{"footnotes":""},"class_list":["post-562","page","type-page","status-publish","hentry"],"jetpack_sharing_enabled":true,"_links":{"self":[{"href":"https:\/\/www.foerderkreis-christenberg.de\/index.php\/wp-json\/wp\/v2\/pages\/562","targetHints":{"allow":["GET"]}}],"collection":[{"href":"https:\/\/www.foerderkreis-christenberg.de\/index.php\/wp-json\/wp\/v2\/pages"}],"about":[{"href":"https:\/\/www.foerderkreis-christenberg.de\/index.php\/wp-json\/wp\/v2\/types\/page"}],"author":[{"embeddable":true,"href":"https:\/\/www.foerderkreis-christenberg.de\/index.php\/wp-json\/wp\/v2\/users\/2"}],"replies":[{"embeddable":true,"href":"https:\/\/www.foerderkreis-christenberg.de\/index.php\/wp-json\/wp\/v2\/comments?post=562"}],"version-history":[{"count":40,"href":"https:\/\/www.foerderkreis-christenberg.de\/index.php\/wp-json\/wp\/v2\/pages\/562\/revisions"}],"predecessor-version":[{"id":1861,"href":"https:\/\/www.foerderkreis-christenberg.de\/index.php\/wp-json\/wp\/v2\/pages\/562\/revisions\/1861"}],"wp:attachment":[{"href":"https:\/\/www.foerderkreis-christenberg.de\/index.php\/wp-json\/wp\/v2\/media?parent=562"}],"curies":[{"name":"wp","href":"https:\/\/api.w.org\/{rel}","templated":true}]}}