{"id":465,"date":"2020-11-12T21:15:28","date_gmt":"2020-11-12T20:15:28","guid":{"rendered":"http:\/\/www.foerderkreis-christenberg.de\/?page_id=465"},"modified":"2026-02-16T22:31:56","modified_gmt":"2026-02-16T21:31:56","slug":"meditationsweg-perlen-des-glaubens","status":"publish","type":"page","link":"https:\/\/www.foerderkreis-christenberg.de\/index.php\/wege-zum-christenberg\/meditationsweg-perlen-des-glaubens\/","title":{"rendered":"Meditationsweg \u00bbPerlen des Glaubens\u00ab"},"content":{"rendered":"\n<figure class=\"wp-block-image size-full has-custom-border\"><img loading=\"lazy\" decoding=\"async\" width=\"924\" height=\"619\" src=\"https:\/\/www.foerderkreis-christenberg.de\/wp-content\/uploads\/2025\/07\/GlaubensPerlen.png\" alt=\"\" class=\"wp-image-871\" style=\"border-radius:20px;box-shadow:var(--wp--preset--shadow--natural)\" srcset=\"https:\/\/www.foerderkreis-christenberg.de\/wp-content\/uploads\/2025\/07\/GlaubensPerlen.png 924w, https:\/\/www.foerderkreis-christenberg.de\/wp-content\/uploads\/2025\/07\/GlaubensPerlen-300x201.png 300w, https:\/\/www.foerderkreis-christenberg.de\/wp-content\/uploads\/2025\/07\/GlaubensPerlen-768x514.png 768w\" sizes=\"auto, (max-width: 924px) 100vw, 924px\" \/><\/figure>\n\n\n\n<div class=\"wp-block-group has-base-background-color has-background has-global-padding is-layout-constrained wp-container-core-group-is-layout-9e9be3cb wp-block-group-is-layout-constrained\" style=\"border-radius:10px;padding-top:var(--wp--preset--spacing--20);padding-right:var(--wp--preset--spacing--20);padding-bottom:var(--wp--preset--spacing--20);padding-left:var(--wp--preset--spacing--20);box-shadow:var(--wp--preset--shadow--natural)\">\n<div class=\"wp-block-group has-global-padding is-layout-constrained wp-container-core-group-is-layout-9e9be3cb wp-block-group-is-layout-constrained\" style=\"border-radius:10px;padding-top:var(--wp--preset--spacing--20);padding-right:var(--wp--preset--spacing--20);padding-bottom:var(--wp--preset--spacing--20);padding-left:var(--wp--preset--spacing--20);box-shadow:var(--wp--preset--shadow--natural)\">\n<div class=\"wp-block-group has-global-padding is-layout-constrained wp-block-group-is-layout-constrained\" style=\"border-radius:10px;box-shadow:var(--wp--preset--shadow--natural)\">\n<h2 class=\"wp-block-heading\">Warum in die Ferne schweifen &#8230;<\/h2>\n\n\n\n<p>&#8230; wenn das Gute liegt so nah! Gehen Sie doch einmal den \u201eMeditationsweg Perlen des Glaubens\u201c von M\u00fcnchhausen zum Christenberg. Die Stationen entlang des Weges sind den \u201e<strong>Perlen des Glaubens<\/strong>\u201c nachempfunden, einer \u201e<strong>Gebetskette<\/strong>\u201c, mit deren Hilfe schon viele Menschen Erfahrungen zum Beten gesammelt haben.<\/p>\n<\/div>\n\n\n\n<div class=\"wp-block-media-text has-media-on-the-right is-stacked-on-mobile has-accent-2-background-color has-background\" style=\"border-width:1px;border-radius:10px;padding-top:var(--wp--preset--spacing--20);padding-right:var(--wp--preset--spacing--20);padding-bottom:var(--wp--preset--spacing--20);padding-left:var(--wp--preset--spacing--20)\"><div class=\"wp-block-media-text__content\">\n<p>Der Weg beginnt an der <strong>Kapelle am Weg<\/strong>, dem Kirchturm in M\u00fcnchhausen. Eine Tafel am Turm zeigt die Wegbeschreibung und darunter die erste Tafel.<\/p>\n<\/div><figure class=\"wp-block-media-text__media\"><img loading=\"lazy\" decoding=\"async\" width=\"1024\" height=\"768\" src=\"https:\/\/www.foerderkreis-christenberg.de\/wp-content\/uploads\/2026\/02\/Tafel-1a-Info.jpg\" alt=\"\" class=\"wp-image-1889 size-full\" srcset=\"https:\/\/www.foerderkreis-christenberg.de\/wp-content\/uploads\/2026\/02\/Tafel-1a-Info.jpg 1024w, https:\/\/www.foerderkreis-christenberg.de\/wp-content\/uploads\/2026\/02\/Tafel-1a-Info-300x225.jpg 300w, https:\/\/www.foerderkreis-christenberg.de\/wp-content\/uploads\/2026\/02\/Tafel-1a-Info-768x576.jpg 768w\" sizes=\"auto, (max-width: 1024px) 100vw, 1024px\" \/><\/figure><\/div>\n\n\n\n<div class=\"wp-block-group has-global-padding is-layout-constrained wp-container-core-group-is-layout-9e9be3cb wp-block-group-is-layout-constrained\" style=\"border-width:1px;border-radius:10px;padding-top:var(--wp--preset--spacing--20);padding-right:var(--wp--preset--spacing--20);padding-bottom:var(--wp--preset--spacing--20);padding-left:var(--wp--preset--spacing--20);box-shadow:var(--wp--preset--shadow--natural)\">\n<p>Was sind Perlen des Glaubens?<\/p>\n\n\n\n<details class=\"wp-block-details has-accent-2-background-color has-background is-layout-flow wp-block-details-is-layout-flow\" style=\"padding-top:var(--wp--preset--spacing--20);padding-right:var(--wp--preset--spacing--20);padding-bottom:var(--wp--preset--spacing--20);padding-left:var(--wp--preset--spacing--20)\"><summary>Die Perlen des Glaubens<\/summary>\n<p>Die Perlen des Glaubens sind ein Perlenkranz, bestehend aus achtzehn verschiedenen Perlen. \u201e<em>Jede einzelne Perle hat ihre eigene Bedeutung. Sie steht f\u00fcr eine Lebensfrage, einen Gedanken, ein Gebet. Zu einem Perlenband zusammengef\u00fcgt k\u00f6nnen die Perlen ein Sinnbild des Lebensweges sein. Sie machen den Glauben begreifbar. Sie regen dazu an, christliche Traditionen neu zu entdecken und zu verstehen. Sie sind ein Katechismus (Glaubensunterricht) f\u00fcr die H\u00e4nde, ein einfaches Hilfsmittel, den eigenen spirituellen Weg zu finden und einzu\u00fcben<\/em>.\u201c<br>(Kristin Faupel-Drevs, Perlen des Glaubens, Ein\u00fcbung in die Spiritualit\u00e4t, Hamburg 2003).<\/p>\n<\/details>\n<\/div>\n\n\n\n<div class=\"wp-block-media-text is-stacked-on-mobile has-accent-2-background-color has-background\" style=\"border-width:1px;border-radius:10px;padding-top:var(--wp--preset--spacing--20);padding-right:var(--wp--preset--spacing--20);padding-bottom:var(--wp--preset--spacing--20);padding-left:var(--wp--preset--spacing--20)\"><figure class=\"wp-block-media-text__media\"><img loading=\"lazy\" decoding=\"async\" width=\"800\" height=\"800\" src=\"https:\/\/www.foerderkreis-christenberg.de\/wp-content\/uploads\/2025\/10\/Perlen-d-Glaubens-Band.png\" alt=\"\" class=\"wp-image-1195 size-full\" srcset=\"https:\/\/www.foerderkreis-christenberg.de\/wp-content\/uploads\/2025\/10\/Perlen-d-Glaubens-Band.png 800w, https:\/\/www.foerderkreis-christenberg.de\/wp-content\/uploads\/2025\/10\/Perlen-d-Glaubens-Band-300x300.png 300w, https:\/\/www.foerderkreis-christenberg.de\/wp-content\/uploads\/2025\/10\/Perlen-d-Glaubens-Band-150x150.png 150w, https:\/\/www.foerderkreis-christenberg.de\/wp-content\/uploads\/2025\/10\/Perlen-d-Glaubens-Band-768x768.png 768w\" sizes=\"auto, (max-width: 800px) 100vw, 800px\" \/><\/figure><div class=\"wp-block-media-text__content\">\n<p>Die Perlen im Uhrzeigersinn:<\/p>\n\n\n\n<ul class=\"wp-block-list\">\n<li>1 &#8211; die&nbsp;<strong>Gottesperle<\/strong><\/li>\n\n\n\n<li>3 &#8211; die <strong>Ich-Perle<\/strong><\/li>\n\n\n\n<li>4 &#8211; die <strong>Taufperle<\/strong><\/li>\n\n\n\n<li>5 &#8211; die <strong>W\u00fcstenperle<\/strong><\/li>\n\n\n\n<li>6 &#8211; die <strong>Perle der Gelassenheit<\/strong><\/li>\n\n\n\n<li>7 &#8211; die zwei <strong>Perlen der Liebe<\/strong><\/li>\n\n\n\n<li>8 &#8211; die drei <strong>Perlen der Geheimnisse<\/strong><\/li>\n\n\n\n<li>9 &#8211; die <strong>Perle der Nacht<\/strong><\/li>\n\n\n\n<li>10 &#8211; die <strong>Perle der Auferstehung<\/strong><\/li>\n\n\n\n<li>2 &#8211; und dazwischen die sechs <strong>Perlen der Stille<\/strong><\/li>\n<\/ul>\n<\/div><\/div>\n<\/div>\n\n\n\n<div class=\"wp-block-group has-accent-2-background-color has-background has-global-padding is-layout-constrained wp-container-core-group-is-layout-9e9be3cb wp-block-group-is-layout-constrained\" style=\"border-radius:10px;padding-top:var(--wp--preset--spacing--20);padding-right:var(--wp--preset--spacing--20);padding-bottom:var(--wp--preset--spacing--20);padding-left:var(--wp--preset--spacing--20);box-shadow:var(--wp--preset--shadow--natural)\">\n<p style=\"padding-top:0;padding-right:0;padding-bottom:0;padding-left:0\">F\u00fcr den Meditationsweg bedeutet dieser Ansatz konkret: entlang des Weges stehen <strong>12 Stelen<\/strong>, die ihre Namen von den <strong>Perlen des Perlenkranzes<\/strong> entlehnen. Der Weg zwischen den einzelnen Stelen steht f\u00fcr sich und l\u00e4dt durchaus auch zur Stille ein. Somit stehen die Perlen der Stille f\u00fcr den Weg zwischen den Stationen. Die Inhalte der Tafeln versuchen die Aussage des Standortes, also die Natur, mit biblischen Texten und mehr allgemeinen Lebensweisheiten zu verbinden.<\/p>\n\n\n\n<p>Der Weg beginnt an der <strong>Kapelle am Weg<\/strong>, dem Kirchturm in M\u00fcnchhausen. Eine Tafel am Turm zeigt die Wegbeschreibung und darunter die erste Tafel mit dem Text: \u201e<em>Gott, du hast uns zu dir hin geschaffen, und unruhig ist unser Herz, bis es Ruhe findet in dir. \u2013&nbsp; Ich m\u00f6cht, da\u00df einer mit mir geht, der\u2019s Leben kennt, der mich versteht<\/em>&nbsp;\u2026\u201c&nbsp;<\/p>\n\n\n\n<p style=\"padding-top:0;padding-right:0;padding-bottom:0;padding-left:0\">Und so reiht sich eine \u201eGlaubensperle\u201c an die andere bis hin zur letzten Stele an der Christenbergkirche. Und wie am Anfang ist diese abschlie\u00dfende Perle wieder eine Gottesperle. Am Ende unseres Weges also: Gott!<\/p>\n<\/div>\n\n\n\n<div class=\"wp-block-group has-accent-2-background-color has-background has-global-padding is-layout-constrained wp-container-core-group-is-layout-9e9be3cb wp-block-group-is-layout-constrained\" style=\"border-radius:10px;padding-top:var(--wp--preset--spacing--20);padding-right:var(--wp--preset--spacing--20);padding-bottom:var(--wp--preset--spacing--20);padding-left:var(--wp--preset--spacing--20);box-shadow:var(--wp--preset--shadow--natural)\">\n<p style=\"padding-top:0;padding-right:0;padding-bottom:0;padding-left:0\">Eine besondere Station auf diesem Pilgerweg ist ungef\u00e4hr auf halber Wegstrecke der Spiegelteich. Die glatte Oberfl\u00e4che des Wassers spiegelt die Kirche, ver\u00e4ndert sich selbst aber nicht; sie wird gar nicht beeindruckt, nicht aus ihrer Ruhe gebracht. Was k\u00f6nnte besser an diesen Ort passen als die&nbsp;<strong>Perle der Gelassenheit<\/strong>: \u201e<em>Gott, gib mir die Gelassenheit, Dinge hinzunehmen, die ich nicht \u00e4ndern kann, den Mut, Dinge zu \u00e4ndern, die ich \u00e4ndern kann, und die Weisheit, das eine von dem andern zu unterscheiden.<\/em>\u201c Von Spiegelteich an geht es nun stetig bergauf. An einer der n\u00e4chsten Stationen ist zu lesen: \u201e<em>Einer trage des anderen Last<\/em>&nbsp;\u2026\u201c Das hat schon etliche Pilger inspiriert, spontan ihre Rucks\u00e4cke zu tauschen.<\/p>\n\n\n\n<p style=\"padding-top:0;padding-right:0;padding-bottom:0;padding-left:0\">Sind Sie neugierig geworden? Dieser Meditationsweg kann jederzeit \u2013 und nicht nur an Sonntagen oder in den Ferien \u2013 gegangen werden. Und wer sich nicht gerade montags oder dienstags auf den Weg macht, kann sich nach der etwa f\u00fcnfeinhalb Kilometer langen Wanderung hoch zum Christenberg mit einer Einkehr und St\u00e4rkung im&nbsp;Waldgasthaus&nbsp;belohnen.<\/p>\n<\/div>\n<\/div>\n\n\n\n<div class=\"wp-block-group has-base-background-color has-background has-global-padding is-layout-constrained wp-container-core-group-is-layout-c06d165c wp-block-group-is-layout-constrained\" style=\"border-radius:10px;padding-top:0;padding-right:0;padding-bottom:0;padding-left:0;box-shadow:var(--wp--preset--shadow--natural)\">\n<figure class=\"wp-block-table is-style-regular has-medium-font-size\" style=\"margin-top:var(--wp--preset--spacing--30);margin-right:0;margin-bottom:var(--wp--preset--spacing--30);margin-left:0;padding-top:var(--wp--preset--spacing--20);padding-right:var(--wp--preset--spacing--20);padding-bottom:var(--wp--preset--spacing--20);padding-left:var(--wp--preset--spacing--20)\"><table class=\"has-accent-2-color has-contrast-background-color has-text-color has-background has-link-color has-fixed-layout\" style=\"border-width:4px\"><tbody><tr><td class=\"has-text-align-center\" data-align=\"center\"><a href=\"https:\/\/www.foerderkreis-christenberg.de\/index.php\/wege-zum-christenberg\/hugenotten-und-waldenserpfad\/\" data-type=\"page\" data-id=\"70\">Hugenotten und Waldenser<\/a><\/td><td class=\"has-text-align-center\" data-align=\"center\"><a href=\"https:\/\/www.foerderkreis-christenberg.de\/index.php\/wege-zum-christenberg\/martinskulturweg\/\" data-type=\"page\" data-id=\"68\">Martins-Kulturweg<\/a><\/td><\/tr><tr><td class=\"has-text-align-center\" data-align=\"center\"><a href=\"https:\/\/www.foerderkreis-christenberg.de\/index.php\/wege-zum-christenberg\/\" data-type=\"page\" data-id=\"31\">Wege zum Christenberg<\/a><\/td><td class=\"has-text-align-center\" data-align=\"center\"><a href=\"https:\/\/www.foerderkreis-christenberg.de\/index.php\/aktivitaeten\/\" data-type=\"page\" data-id=\"39\">Aktiv unterwegs<\/a><\/td><\/tr><tr><td class=\"has-text-align-center\" data-align=\"center\"><a href=\"https:\/\/www.foerderkreis-christenberg.de\/index.php\/aktivitaeten\/radfahren-und-rasten\/\" data-type=\"page\" data-id=\"35\">Radfahren und Rasten<\/a><\/td><td class=\"has-text-align-center\" data-align=\"center\"><a href=\"https:\/\/www.foerderkreis-christenberg.de\/index.php\/aktivitaeten\/wandern-und-rasten\/\" data-type=\"page\" data-id=\"33\">Wandern und Rasten<\/a><\/td><\/tr><\/tbody><\/table><\/figure>\n<\/div>\n","protected":false},"excerpt":{"rendered":"<p>Warum in die Ferne schweifen &#8230; &#8230; wenn das Gute liegt so nah! Gehen Sie doch einmal den \u201eMeditationsweg Perlen des Glaubens\u201c von M\u00fcnchhausen zum Christenberg. Die Stationen entlang des Weges sind den \u201ePerlen des Glaubens\u201c nachempfunden, einer \u201eGebetskette\u201c, mit deren Hilfe schon viele Menschen Erfahrungen zum Beten gesammelt haben. Der Weg beginnt an der [&hellip;]<\/p>\n","protected":false},"author":2,"featured_media":0,"parent":31,"menu_order":3,"comment_status":"closed","ping_status":"closed","template":"","meta":{"footnotes":""},"class_list":["post-465","page","type-page","status-publish","hentry"],"jetpack_sharing_enabled":true,"_links":{"self":[{"href":"https:\/\/www.foerderkreis-christenberg.de\/index.php\/wp-json\/wp\/v2\/pages\/465","targetHints":{"allow":["GET"]}}],"collection":[{"href":"https:\/\/www.foerderkreis-christenberg.de\/index.php\/wp-json\/wp\/v2\/pages"}],"about":[{"href":"https:\/\/www.foerderkreis-christenberg.de\/index.php\/wp-json\/wp\/v2\/types\/page"}],"author":[{"embeddable":true,"href":"https:\/\/www.foerderkreis-christenberg.de\/index.php\/wp-json\/wp\/v2\/users\/2"}],"replies":[{"embeddable":true,"href":"https:\/\/www.foerderkreis-christenberg.de\/index.php\/wp-json\/wp\/v2\/comments?post=465"}],"version-history":[{"count":27,"href":"https:\/\/www.foerderkreis-christenberg.de\/index.php\/wp-json\/wp\/v2\/pages\/465\/revisions"}],"predecessor-version":[{"id":2241,"href":"https:\/\/www.foerderkreis-christenberg.de\/index.php\/wp-json\/wp\/v2\/pages\/465\/revisions\/2241"}],"up":[{"embeddable":true,"href":"https:\/\/www.foerderkreis-christenberg.de\/index.php\/wp-json\/wp\/v2\/pages\/31"}],"wp:attachment":[{"href":"https:\/\/www.foerderkreis-christenberg.de\/index.php\/wp-json\/wp\/v2\/media?parent=465"}],"curies":[{"name":"wp","href":"https:\/\/api.w.org\/{rel}","templated":true}]}}