{"id":2161,"date":"2026-02-15T16:41:01","date_gmt":"2026-02-15T15:41:01","guid":{"rendered":"https:\/\/www.foerderkreis-christenberg.de\/?page_id=2161"},"modified":"2026-02-18T18:13:35","modified_gmt":"2026-02-18T17:13:35","slug":"qr-dauerausstellung","status":"publish","type":"page","link":"https:\/\/www.foerderkreis-christenberg.de\/index.php\/impressionen\/qr-dauerausstellung\/","title":{"rendered":"QR Dauerausstellung"},"content":{"rendered":"\n<figure class=\"wp-block-image size-full has-custom-border\"><img loading=\"lazy\" decoding=\"async\" width=\"908\" height=\"798\" src=\"https:\/\/www.foerderkreis-christenberg.de\/wp-content\/uploads\/2018\/06\/Buchbeschlag.jpg\" alt=\"Karolingischer Buchbeschlag, gefunden auf dem Christenberg\" class=\"wp-image-275\" style=\"border-top-left-radius:20px;border-top-right-radius:20px;border-bottom-left-radius:20px;border-bottom-right-radius:20px;box-shadow:var(--wp--preset--shadow--natural)\" srcset=\"https:\/\/www.foerderkreis-christenberg.de\/wp-content\/uploads\/2018\/06\/Buchbeschlag.jpg 908w, https:\/\/www.foerderkreis-christenberg.de\/wp-content\/uploads\/2018\/06\/Buchbeschlag-300x264.jpg 300w, https:\/\/www.foerderkreis-christenberg.de\/wp-content\/uploads\/2018\/06\/Buchbeschlag-768x675.jpg 768w\" sizes=\"auto, (max-width: 908px) 100vw, 908px\" \/><figcaption class=\"wp-element-caption\">Karolingischer Buchbeschlag, gefunden auf dem Christenberg<\/figcaption><\/figure>\n\n\n\n<div class=\"wp-block-group has-global-padding is-layout-constrained wp-container-core-group-is-layout-9e9be3cb wp-block-group-is-layout-constrained\" style=\"border-top-left-radius:20px;border-top-right-radius:20px;border-bottom-left-radius:20px;border-bottom-right-radius:20px;padding-top:var(--wp--preset--spacing--20);padding-right:var(--wp--preset--spacing--20);padding-bottom:var(--wp--preset--spacing--20);padding-left:var(--wp--preset--spacing--20);box-shadow:var(--wp--preset--shadow--natural)\">\n<h2 class=\"wp-block-heading\">Willkommen im Museum Altes K\u00fcsterhaus<\/h2>\n\n\n\n<p><strong>H\u00f6ren beim Schauen<\/strong> &#8211; die Exponate in Ruhe betrachten und dabei dem Audio-Guide zuh\u00f6ren.<\/p>\n\n\n\n<p>Die Ausstellung ist aufgeteilt in f\u00fcnfzehn Stationen und beginnt links mit der Eisenzeit in Hessen. F\u00fcr die <strong>Stationen 1 bis 11<\/strong> gibt es einen <strong>Audio-Guide:<\/strong><\/p>\n\n\n\n<div class=\"wp-block-media-text is-stacked-on-mobile has-accent-3-background-color has-background has-link-color wp-elements-e1a3cdc87fee96c10a3254c83848e6fd\" style=\"border-width:1px;border-top-left-radius:20px;border-top-right-radius:20px;border-bottom-left-radius:20px;border-bottom-right-radius:20px;padding-top:var(--wp--preset--spacing--20);padding-right:var(--wp--preset--spacing--20);padding-bottom:var(--wp--preset--spacing--20);padding-left:var(--wp--preset--spacing--20)\"><figure class=\"wp-block-media-text__media\"><img loading=\"lazy\" decoding=\"async\" width=\"703\" height=\"1024\" src=\"https:\/\/www.foerderkreis-christenberg.de\/wp-content\/uploads\/2026\/02\/Audio-Guide-Grafik-703x1024.png\" alt=\"\" class=\"wp-image-2298 size-full\" srcset=\"https:\/\/www.foerderkreis-christenberg.de\/wp-content\/uploads\/2026\/02\/Audio-Guide-Grafik-703x1024.png 703w, https:\/\/www.foerderkreis-christenberg.de\/wp-content\/uploads\/2026\/02\/Audio-Guide-Grafik-206x300.png 206w, https:\/\/www.foerderkreis-christenberg.de\/wp-content\/uploads\/2026\/02\/Audio-Guide-Grafik.png 741w\" sizes=\"auto, (max-width: 703px) 100vw, 703px\" \/><\/figure><div class=\"wp-block-media-text__content\">\n<p class=\"has-medium-font-size\"><a href=\"https:\/\/www.foerderkreis-christenberg.de\/index.php\/impressionen\/qr-dauerausstellung\/station-1\/\" data-type=\"page\" data-id=\"2302\">1 &#8211; Eisenzeit<\/a><\/p>\n\n\n\n<p class=\"has-medium-font-size\"><a href=\"https:\/\/www.foerderkreis-christenberg.de\/index.php\/impressionen\/qr-dauerausstellung\/station-1-1\/\" data-type=\"page\" data-id=\"2307\">1-1 Besiedlung<\/a><\/p>\n\n\n\n<p class=\"has-medium-font-size\"><a href=\"https:\/\/www.foerderkreis-christenberg.de\/index.php\/impressionen\/qr-dauerausstellung\/station-2\/\" data-type=\"page\" data-id=\"2311\">2 &#8211; Das Umland<\/a><\/p>\n\n\n\n<p class=\"has-medium-font-size\"><a href=\"https:\/\/www.foerderkreis-christenberg.de\/index.php\/impressionen\/qr-dauerausstellung\/station-3\/\" data-type=\"page\" data-id=\"2316\">3 &#8211; Besiedlung und Befestigung<\/a><\/p>\n\n\n\n<p class=\"has-medium-font-size\"><a href=\"https:\/\/www.foerderkreis-christenberg.de\/index.php\/impressionen\/qr-dauerausstellung\/station-4\/\" data-type=\"page\" data-id=\"2321\">4 &#8211; Die Kelten<\/a><\/p>\n\n\n\n<p class=\"has-medium-font-size\"><a href=\"https:\/\/www.foerderkreis-christenberg.de\/index.php\/impressionen\/qr-dauerausstellung\/station-4-1\/\" data-type=\"page\" data-id=\"2326\">4-1 &#8211; Menschen der Eisenzeit<\/a><\/p>\n\n\n\n<p class=\"has-medium-font-size\"><a href=\"https:\/\/www.foerderkreis-christenberg.de\/index.php\/impressionen\/qr-dauerausstellung\/station-5\/\" data-type=\"page\" data-id=\"2331\">5 &#8211; Sachsenkriege<\/a><\/p>\n\n\n\n<p class=\"has-medium-font-size\"><a href=\"https:\/\/www.foerderkreis-christenberg.de\/index.php\/impressionen\/qr-dauerausstellung\/station-6\/\" data-type=\"page\" data-id=\"2336\">6 &#8211; Bau der Kesterburg<\/a><\/p>\n\n\n\n<p class=\"has-medium-font-size\"><a href=\"https:\/\/www.foerderkreis-christenberg.de\/index.php\/impressionen\/qr-dauerausstellung\/station-6-1\/\" data-type=\"page\" data-id=\"2341\">6-1 Gro\u00dfbaustelle<\/a><\/p>\n\n\n\n<p class=\"has-medium-font-size\"><a href=\"https:\/\/www.foerderkreis-christenberg.de\/index.php\/impressionen\/qr-dauerausstellung\/station-7\/\" data-type=\"page\" data-id=\"2347\">7 &#8211; Die Franken<\/a><\/p>\n\n\n\n<p class=\"has-medium-font-size\"><a href=\"https:\/\/www.foerderkreis-christenberg.de\/index.php\/impressionen\/qr-dauerausstellung\/station-7-1\/\" data-type=\"page\" data-id=\"2352\">7-1 &#8211; Nordhessen im MA<\/a><\/p>\n\n\n\n<p class=\"has-medium-font-size\"><a href=\"https:\/\/www.foerderkreis-christenberg.de\/index.php\/impressionen\/qr-dauerausstellung\/station-7-2\/\" data-type=\"page\" data-id=\"2356\">7-2 &#8211; Franken vor 8. Jht.<\/a><\/p>\n\n\n\n<p class=\"has-medium-font-size\"><a href=\"https:\/\/www.foerderkreis-christenberg.de\/index.php\/impressionen\/qr-dauerausstellung\/station-8\/\" data-type=\"page\" data-id=\"2359\">8 &#8211; Martinskirche<\/a><\/p>\n\n\n\n<p class=\"has-medium-font-size\"><a href=\"https:\/\/www.foerderkreis-christenberg.de\/index.php\/impressionen\/qr-dauerausstellung\/station-8-1\/\" data-type=\"page\" data-id=\"2364\">8-1 &#8211; Dekanat Kesterburg<\/a><\/p>\n\n\n\n<p class=\"has-medium-font-size\"><a href=\"https:\/\/www.foerderkreis-christenberg.de\/index.php\/impressionen\/qr-dauerausstellung\/station-9\/\" data-type=\"page\" data-id=\"2368\">9 &#8211; Missionierung<\/a><\/p>\n\n\n\n<p class=\"has-medium-font-size\"><a href=\"https:\/\/www.foerderkreis-christenberg.de\/index.php\/impressionen\/qr-dauerausstellung\/station-10\/\" data-type=\"page\" data-id=\"2373\">10 &#8211; Baugeschichte<\/a><\/p>\n\n\n\n<p class=\"has-medium-font-size\"><a href=\"https:\/\/www.foerderkreis-christenberg.de\/index.php\/impressionen\/qr-dauerausstellung\/station-11\/\" data-type=\"page\" data-id=\"2378\">11 &#8211; Schaukasten im Boden<\/a><\/p>\n<\/div><\/div>\n\n\n\n<div class=\"wp-block-group has-global-padding is-layout-constrained wp-container-core-group-is-layout-9e9be3cb wp-block-group-is-layout-constrained\" style=\"border-top-left-radius:20px;border-top-right-radius:20px;border-bottom-left-radius:20px;border-bottom-right-radius:20px;border-top-width:1px;padding-top:var(--wp--preset--spacing--20);padding-right:var(--wp--preset--spacing--20);padding-bottom:var(--wp--preset--spacing--20);padding-left:var(--wp--preset--spacing--20);box-shadow:var(--wp--preset--shadow--natural)\">\n<p><strong>Die Stationen mit Audio-Guide<\/strong><\/p>\n\n\n\n<ul class=\"wp-block-list\">\n<li>1 &#8211; Eisenzeit in Hessen\n<ul class=\"wp-block-list\">\n<li>1-1 Die Besiedlung der Mittelgebirge<\/li>\n<\/ul>\n<\/li>\n\n\n\n<li>2 &#8211; Das Umland<\/li>\n\n\n\n<li>3 &#8211; Besiedlung und Befestigung<\/li>\n\n\n\n<li>4 &#8211; Die Kelten auf dem Christenberg\n<ul class=\"wp-block-list\">\n<li>4-1 &#8211; Menschen der Eisenzeit<\/li>\n<\/ul>\n<\/li>\n\n\n\n<li>5 &#8211; Die Sachsenkriege<\/li>\n\n\n\n<li>6 &#8211; Der Bau der Kesterburg\n<ul class=\"wp-block-list\">\n<li>6-1 Technik und Material einer Gro\u00dfbaustelle<\/li>\n<\/ul>\n<\/li>\n\n\n\n<li>7 &#8211; Die Franken auf dem Christenberg\n<ul class=\"wp-block-list\">\n<li>7-1 Nordhessen im fr\u00fchen Mittelalter<\/li>\n\n\n\n<li>7-2 Fr\u00e4nkische Geschichte &lt; 8. Jht.<\/li>\n<\/ul>\n<\/li>\n\n\n\n<li>8 &#8211; Martinskirche\n<ul class=\"wp-block-list\">\n<li>8-1 Das Dekanat Kesterburg<\/li>\n<\/ul>\n<\/li>\n\n\n\n<li>9 &#8211; Missionierung<\/li>\n\n\n\n<li>10 &#8211; Baugeschichtliche Etappen<\/li>\n\n\n\n<li>11 &#8211; Schaukasten im Boden<\/li>\n<\/ul>\n<\/div>\n\n\n\n<div class=\"wp-block-group has-global-padding is-layout-constrained wp-container-core-group-is-layout-9e9be3cb wp-block-group-is-layout-constrained\" style=\"border-top-left-radius:20px;border-top-right-radius:20px;border-bottom-left-radius:20px;border-bottom-right-radius:20px;padding-top:var(--wp--preset--spacing--20);padding-right:var(--wp--preset--spacing--20);padding-bottom:var(--wp--preset--spacing--20);padding-left:var(--wp--preset--spacing--20);box-shadow:var(--wp--preset--shadow--natural)\">\n<p><strong>Die \u00fcbrigen Stationen<\/strong><\/p>\n\n\n\n<ul class=\"wp-block-list\">\n<li>12 &#8211; Schaukasten in der Mitte<\/li>\n\n\n\n<li>13 &#8211; Modell einer Befestigung<\/li>\n\n\n\n<li>14 &#8211; Haus Modell<\/li>\n\n\n\n<li>15 &#8211; Schaukasten<\/li>\n\n\n\n<li>15 &#8211; Modell Toranlage<\/li>\n<\/ul>\n<\/div>\n<\/div>\n","protected":false},"excerpt":{"rendered":"<p>Willkommen im Museum Altes K\u00fcsterhaus H\u00f6ren beim Schauen &#8211; die Exponate in Ruhe betrachten und dabei dem Audio-Guide zuh\u00f6ren. Die Ausstellung ist aufgeteilt in f\u00fcnfzehn Stationen und beginnt links mit der Eisenzeit in Hessen. F\u00fcr die Stationen 1 bis 11 gibt es einen Audio-Guide: 1 &#8211; Eisenzeit 1-1 Besiedlung 2 &#8211; Das Umland 3 &#8211; [&hellip;]<\/p>\n","protected":false},"author":2,"featured_media":0,"parent":148,"menu_order":0,"comment_status":"closed","ping_status":"closed","template":"","meta":{"footnotes":""},"class_list":["post-2161","page","type-page","status-publish","hentry"],"jetpack_sharing_enabled":true,"_links":{"self":[{"href":"https:\/\/www.foerderkreis-christenberg.de\/index.php\/wp-json\/wp\/v2\/pages\/2161","targetHints":{"allow":["GET"]}}],"collection":[{"href":"https:\/\/www.foerderkreis-christenberg.de\/index.php\/wp-json\/wp\/v2\/pages"}],"about":[{"href":"https:\/\/www.foerderkreis-christenberg.de\/index.php\/wp-json\/wp\/v2\/types\/page"}],"author":[{"embeddable":true,"href":"https:\/\/www.foerderkreis-christenberg.de\/index.php\/wp-json\/wp\/v2\/users\/2"}],"replies":[{"embeddable":true,"href":"https:\/\/www.foerderkreis-christenberg.de\/index.php\/wp-json\/wp\/v2\/comments?post=2161"}],"version-history":[{"count":17,"href":"https:\/\/www.foerderkreis-christenberg.de\/index.php\/wp-json\/wp\/v2\/pages\/2161\/revisions"}],"predecessor-version":[{"id":2433,"href":"https:\/\/www.foerderkreis-christenberg.de\/index.php\/wp-json\/wp\/v2\/pages\/2161\/revisions\/2433"}],"up":[{"embeddable":true,"href":"https:\/\/www.foerderkreis-christenberg.de\/index.php\/wp-json\/wp\/v2\/pages\/148"}],"wp:attachment":[{"href":"https:\/\/www.foerderkreis-christenberg.de\/index.php\/wp-json\/wp\/v2\/media?parent=2161"}],"curies":[{"name":"wp","href":"https:\/\/api.w.org\/{rel}","templated":true}]}}