{"id":148,"date":"2018-01-09T19:42:12","date_gmt":"2018-01-09T18:42:12","guid":{"rendered":"http:\/\/www.foerderkreis-christenberg.de\/?page_id=148"},"modified":"2026-02-18T17:35:12","modified_gmt":"2026-02-18T16:35:12","slug":"impressionen","status":"publish","type":"page","link":"https:\/\/www.foerderkreis-christenberg.de\/index.php\/impressionen\/","title":{"rendered":"Impressionen und QR-Code"},"content":{"rendered":"\n<div style=\"height:50px\" aria-hidden=\"true\" class=\"wp-block-spacer\"><\/div>\n\n\n\n<figure class=\"wp-block-image size-large has-custom-border\"><img loading=\"lazy\" decoding=\"async\" width=\"1024\" height=\"768\" src=\"https:\/\/www.foerderkreis-christenberg.de\/wp-content\/uploads\/2018\/06\/Christenberg-004-1024x768.jpg\" alt=\"Christenberg Aussicht nach Westen\" class=\"wp-image-280\" style=\"border-radius:20px;box-shadow:var(--wp--preset--shadow--natural)\" srcset=\"https:\/\/www.foerderkreis-christenberg.de\/wp-content\/uploads\/2018\/06\/Christenberg-004-1024x768.jpg 1024w, https:\/\/www.foerderkreis-christenberg.de\/wp-content\/uploads\/2018\/06\/Christenberg-004-300x225.jpg 300w, https:\/\/www.foerderkreis-christenberg.de\/wp-content\/uploads\/2018\/06\/Christenberg-004-768x576.jpg 768w, https:\/\/www.foerderkreis-christenberg.de\/wp-content\/uploads\/2018\/06\/Christenberg-004-1200x900.jpg 1200w, https:\/\/www.foerderkreis-christenberg.de\/wp-content\/uploads\/2018\/06\/Christenberg-004.jpg 1600w\" sizes=\"auto, (max-width: 1024px) 100vw, 1024px\" \/><figcaption class=\"wp-element-caption\">Christenberg Aussicht nach Westen<\/figcaption><\/figure>\n\n\n\n<div class=\"wp-block-group has-base-background-color has-background has-global-padding is-layout-constrained wp-container-core-group-is-layout-9e9be3cb wp-block-group-is-layout-constrained\" style=\"border-radius:10px;padding-top:var(--wp--preset--spacing--20);padding-right:var(--wp--preset--spacing--20);padding-bottom:var(--wp--preset--spacing--20);padding-left:var(--wp--preset--spacing--20);box-shadow:var(--wp--preset--shadow--natural)\">\n<div class=\"wp-block-group has-contrast-background-color has-background has-global-padding is-layout-constrained wp-container-core-group-is-layout-0f772c33 wp-block-group-is-layout-constrained\" style=\"border-width:1px;border-radius:10px;margin-top:0;margin-bottom:0;padding-top:var(--wp--preset--spacing--20);padding-right:var(--wp--preset--spacing--20);padding-bottom:var(--wp--preset--spacing--20);padding-left:var(--wp--preset--spacing--20);box-shadow:var(--wp--preset--shadow--natural)\">\n<details class=\"wp-block-details has-base-background-color has-background has-large-font-size is-layout-flow wp-container-core-details-is-layout-c18ba342 wp-block-details-is-layout-flow\" style=\"padding-top:var(--wp--preset--spacing--20);padding-right:var(--wp--preset--spacing--20);padding-bottom:var(--wp--preset--spacing--20);padding-left:var(--wp--preset--spacing--20)\"><summary>QR-Code Seiten<\/summary>\n<p>Diese Seiten sind per QR-Code zu erreichen, angebracht jeweils am beschriebenen Ort \ud83d\ude42<\/p>\n\n\n\n<p><\/p>\n\n\n\n<ul style=\"border-radius:10px;padding-top:var(--wp--preset--spacing--20);padding-right:var(--wp--preset--spacing--30);padding-bottom:var(--wp--preset--spacing--20);padding-left:var(--wp--preset--spacing--30)\" class=\"wp-block-list has-accent-2-background-color has-background\">\n<li class=\"has-text-color has-link-color has-medium-font-size wp-elements-bd4c7a0aab688a1ed9d4c2b83695b51b\" style=\"color:#1e20d6\"><a href=\"https:\/\/www.foerderkreis-christenberg.de\/index.php\/evangelische-kirche-muenchhausen\/\" data-type=\"page\" data-id=\"962\" target=\"_blank\" rel=\"noreferrer noopener\"><strong>Die evangelische Kirche in M\u00fcnchhausen<\/strong><\/a><\/li>\n\n\n\n<li class=\"has-text-color has-link-color has-medium-font-size wp-elements-799123ac290763c0a71bd0a9b350df77\" style=\"color:#1e20d6\"><a href=\"https:\/\/www.foerderkreis-christenberg.de\/index.php\/die-martinskirche\/\" data-type=\"page\" data-id=\"562\" target=\"_blank\" rel=\"noreferrer noopener\"><strong>Die Martinskirche auf dem Christenberg<\/strong><\/a><\/li>\n\n\n\n<li class=\"has-text-color has-link-color has-medium-font-size wp-elements-8deb835eb24e9319670d81aecdc645db\" style=\"color:#1e20d6\"><a href=\"https:\/\/www.foerderkreis-christenberg.de\/index.php\/anleitung-zum-labyrinth\/\" data-type=\"page\" data-id=\"993\" target=\"_blank\" rel=\"noreferrer noopener\"><strong>Das Labyrinth<\/strong><\/a><\/li>\n\n\n\n<li class=\"has-text-color has-link-color has-medium-font-size wp-elements-3c0c774ab18517395d8931e52039889c\" style=\"color:#1e20d6\"><strong><a href=\"https:\/\/www.foerderkreis-christenberg.de\/index.php\/impressionen\/qr-dauerausstellung\/\" data-type=\"page\" data-id=\"2161\" target=\"_blank\" rel=\"noreferrer noopener\">Audio-Guide K\u00fcsterhaus<\/a><\/strong><\/li>\n<\/ul>\n<\/details>\n<\/div>\n\n\n\n<div style=\"height:20px\" aria-hidden=\"true\" class=\"wp-block-spacer\"><\/div>\n\n\n\n<h2 class=\"wp-block-heading\">&#8230; Geschichte und Geschichten in Bildern<\/h2>\n\n\n\n<figure class=\"wp-block-gallery has-nested-images columns-default is-cropped has-accent-2-background-color has-background wp-block-gallery-1 is-layout-flex wp-block-gallery-is-layout-flex\" style=\"border-width:1px;border-radius:10px;padding-top:var(--wp--preset--spacing--20);padding-right:var(--wp--preset--spacing--20);padding-bottom:var(--wp--preset--spacing--20);padding-left:var(--wp--preset--spacing--20)\">\n<figure class=\"wp-block-image size-large\"><a href=\"https:\/\/www.foerderkreis-christenberg.de\/wp-content\/uploads\/2023\/06\/Innenraum-Mart.Ki_.-2004.jpg\" target=\"_blank\" rel=\"noreferrer noopener\"><img loading=\"lazy\" decoding=\"async\" width=\"704\" height=\"1024\" data-id=\"565\" src=\"https:\/\/www.foerderkreis-christenberg.de\/wp-content\/uploads\/2023\/06\/Innenraum-Mart.Ki_.-2004-704x1024.jpg\" alt=\"Innenraum der Martinskirche mit den bis 2006 installierten Bankreihen\" class=\"wp-image-565\" srcset=\"https:\/\/www.foerderkreis-christenberg.de\/wp-content\/uploads\/2023\/06\/Innenraum-Mart.Ki_.-2004-704x1024.jpg 704w, https:\/\/www.foerderkreis-christenberg.de\/wp-content\/uploads\/2023\/06\/Innenraum-Mart.Ki_.-2004-206x300.jpg 206w, https:\/\/www.foerderkreis-christenberg.de\/wp-content\/uploads\/2023\/06\/Innenraum-Mart.Ki_.-2004-768x1117.jpg 768w, https:\/\/www.foerderkreis-christenberg.de\/wp-content\/uploads\/2023\/06\/Innenraum-Mart.Ki_.-2004.jpg 825w\" sizes=\"auto, (max-width: 704px) 100vw, 704px\" \/><\/a><figcaption class=\"wp-element-caption\">Nach 1953<\/figcaption><\/figure>\n\n\n\n<figure class=\"wp-block-image size-large\"><a href=\"https:\/\/www.foerderkreis-christenberg.de\/wp-content\/uploads\/2025\/07\/P1013032-scaled.jpg\" target=\"_blank\" rel=\" noreferrer noopener\"><img loading=\"lazy\" decoding=\"async\" width=\"1024\" height=\"768\" data-id=\"834\" src=\"https:\/\/www.foerderkreis-christenberg.de\/wp-content\/uploads\/2025\/07\/P1013032-1024x768.jpg\" alt=\"\" class=\"wp-image-834\" srcset=\"https:\/\/www.foerderkreis-christenberg.de\/wp-content\/uploads\/2025\/07\/P1013032-1024x768.jpg 1024w, https:\/\/www.foerderkreis-christenberg.de\/wp-content\/uploads\/2025\/07\/P1013032-300x225.jpg 300w, https:\/\/www.foerderkreis-christenberg.de\/wp-content\/uploads\/2025\/07\/P1013032-768x576.jpg 768w, https:\/\/www.foerderkreis-christenberg.de\/wp-content\/uploads\/2025\/07\/P1013032-1536x1152.jpg 1536w, https:\/\/www.foerderkreis-christenberg.de\/wp-content\/uploads\/2025\/07\/P1013032-2048x1536.jpg 2048w\" sizes=\"auto, (max-width: 1024px) 100vw, 1024px\" \/><\/a><figcaption class=\"wp-element-caption\">Nach 2006<\/figcaption><\/figure>\n\n\n\n<figure class=\"wp-block-image size-large\"><a href=\"https:\/\/www.foerderkreis-christenberg.de\/wp-content\/uploads\/2023\/06\/Schiff.Chb_.3-scaled.jpg\" target=\"_blank\" rel=\"noreferrer noopener\"><img loading=\"lazy\" decoding=\"async\" width=\"768\" height=\"1024\" data-id=\"564\" src=\"https:\/\/www.foerderkreis-christenberg.de\/wp-content\/uploads\/2023\/06\/Schiff.Chb_.3-768x1024.jpg\" alt=\"Innenraum der Martinskirche mit der Bestuhlung\" class=\"wp-image-564\" srcset=\"https:\/\/www.foerderkreis-christenberg.de\/wp-content\/uploads\/2023\/06\/Schiff.Chb_.3-768x1024.jpg 768w, https:\/\/www.foerderkreis-christenberg.de\/wp-content\/uploads\/2023\/06\/Schiff.Chb_.3-225x300.jpg 225w, https:\/\/www.foerderkreis-christenberg.de\/wp-content\/uploads\/2023\/06\/Schiff.Chb_.3-1152x1536.jpg 1152w, https:\/\/www.foerderkreis-christenberg.de\/wp-content\/uploads\/2023\/06\/Schiff.Chb_.3-1536x2048.jpg 1536w, https:\/\/www.foerderkreis-christenberg.de\/wp-content\/uploads\/2023\/06\/Schiff.Chb_.3-scaled.jpg 1920w\" sizes=\"auto, (max-width: 768px) 100vw, 768px\" \/><\/a><figcaption class=\"wp-element-caption\">Blick zum Chorraum<\/figcaption><\/figure>\n\n\n\n<figure class=\"wp-block-image size-large\"><a href=\"https:\/\/www.foerderkreis-christenberg.de\/wp-content\/uploads\/2025\/11\/IMG_8204a-scaled.jpg\" target=\"_blank\" rel=\" noreferrer noopener\"><img loading=\"lazy\" decoding=\"async\" width=\"1024\" height=\"768\" data-id=\"1456\" src=\"https:\/\/www.foerderkreis-christenberg.de\/wp-content\/uploads\/2025\/11\/IMG_8204a-1024x768.jpg\" alt=\"\" class=\"wp-image-1456\" srcset=\"https:\/\/www.foerderkreis-christenberg.de\/wp-content\/uploads\/2025\/11\/IMG_8204a-1024x768.jpg 1024w, https:\/\/www.foerderkreis-christenberg.de\/wp-content\/uploads\/2025\/11\/IMG_8204a-300x225.jpg 300w, https:\/\/www.foerderkreis-christenberg.de\/wp-content\/uploads\/2025\/11\/IMG_8204a-768x576.jpg 768w, https:\/\/www.foerderkreis-christenberg.de\/wp-content\/uploads\/2025\/11\/IMG_8204a-1536x1152.jpg 1536w, https:\/\/www.foerderkreis-christenberg.de\/wp-content\/uploads\/2025\/11\/IMG_8204a-2048x1536.jpg 2048w\" sizes=\"auto, (max-width: 1024px) 100vw, 1024px\" \/><\/a><figcaption class=\"wp-element-caption\">Orgel und Konzertbestuhlung<\/figcaption><\/figure>\n\n\n\n<figure class=\"wp-block-image size-large\"><a href=\"https:\/\/www.foerderkreis-christenberg.de\/wp-content\/uploads\/2021\/10\/P1030825a.jpg\" target=\"_blank\" rel=\"noreferrer noopener\"><img loading=\"lazy\" decoding=\"async\" width=\"1024\" height=\"683\" data-id=\"511\" src=\"https:\/\/www.foerderkreis-christenberg.de\/wp-content\/uploads\/2021\/10\/P1030825a-1024x683.jpg\" alt=\"Museum Altes K\u00fcsterhaus auf dem Christenberg\" class=\"wp-image-511\" srcset=\"https:\/\/www.foerderkreis-christenberg.de\/wp-content\/uploads\/2021\/10\/P1030825a-1024x683.jpg 1024w, https:\/\/www.foerderkreis-christenberg.de\/wp-content\/uploads\/2021\/10\/P1030825a-300x200.jpg 300w, https:\/\/www.foerderkreis-christenberg.de\/wp-content\/uploads\/2021\/10\/P1030825a-768x512.jpg 768w, https:\/\/www.foerderkreis-christenberg.de\/wp-content\/uploads\/2021\/10\/P1030825a-1536x1024.jpg 1536w, https:\/\/www.foerderkreis-christenberg.de\/wp-content\/uploads\/2021\/10\/P1030825a.jpg 1773w\" sizes=\"auto, (max-width: 1024px) 100vw, 1024px\" \/><\/a><figcaption class=\"wp-element-caption\">Museum Altes K\u00fcsterhaus<\/figcaption><\/figure>\n\n\n\n<figure class=\"wp-block-image size-large\"><a href=\"https:\/\/www.foerderkreis-christenberg.de\/wp-content\/uploads\/2018\/11\/K\u00fcsterhaus-vor-100-Jahren.jpg\" target=\"_blank\" rel=\"noreferrer noopener\"><img loading=\"lazy\" decoding=\"async\" width=\"1024\" height=\"787\" data-id=\"323\" src=\"https:\/\/www.foerderkreis-christenberg.de\/wp-content\/uploads\/2018\/11\/K\u00fcsterhaus-vor-100-Jahren-1024x787.jpg\" alt=\"\" class=\"wp-image-323\" srcset=\"https:\/\/www.foerderkreis-christenberg.de\/wp-content\/uploads\/2018\/11\/K\u00fcsterhaus-vor-100-Jahren-1024x787.jpg 1024w, https:\/\/www.foerderkreis-christenberg.de\/wp-content\/uploads\/2018\/11\/K\u00fcsterhaus-vor-100-Jahren-300x230.jpg 300w, https:\/\/www.foerderkreis-christenberg.de\/wp-content\/uploads\/2018\/11\/K\u00fcsterhaus-vor-100-Jahren-768x590.jpg 768w, https:\/\/www.foerderkreis-christenberg.de\/wp-content\/uploads\/2018\/11\/K\u00fcsterhaus-vor-100-Jahren.jpg 1527w\" sizes=\"auto, (max-width: 1024px) 100vw, 1024px\" \/><\/a><\/figure>\n\n\n\n<figure class=\"wp-block-image size-large\"><a href=\"https:\/\/www.foerderkreis-christenberg.de\/wp-content\/uploads\/2021\/04\/backhaus_christenberg_innen.jpg\" target=\"_blank\" rel=\"noreferrer noopener\"><img loading=\"lazy\" decoding=\"async\" width=\"1024\" height=\"768\" data-id=\"485\" src=\"https:\/\/www.foerderkreis-christenberg.de\/wp-content\/uploads\/2021\/04\/backhaus_christenberg_innen-1024x768.jpg\" alt=\"Backhaus auf dem Christenberg\" class=\"wp-image-485\" srcset=\"https:\/\/www.foerderkreis-christenberg.de\/wp-content\/uploads\/2021\/04\/backhaus_christenberg_innen-1024x768.jpg 1024w, https:\/\/www.foerderkreis-christenberg.de\/wp-content\/uploads\/2021\/04\/backhaus_christenberg_innen-300x225.jpg 300w, https:\/\/www.foerderkreis-christenberg.de\/wp-content\/uploads\/2021\/04\/backhaus_christenberg_innen-768x576.jpg 768w, https:\/\/www.foerderkreis-christenberg.de\/wp-content\/uploads\/2021\/04\/backhaus_christenberg_innen-1536x1152.jpg 1536w, https:\/\/www.foerderkreis-christenberg.de\/wp-content\/uploads\/2021\/04\/backhaus_christenberg_innen.jpg 1632w\" sizes=\"auto, (max-width: 1024px) 100vw, 1024px\" \/><\/a><figcaption class=\"wp-element-caption\">Infos im alten Backhaus<\/figcaption><\/figure>\n\n\n\n<figure class=\"wp-block-image size-large\"><a href=\"https:\/\/www.foerderkreis-christenberg.de\/wp-content\/uploads\/2021\/04\/backhaus_christenberg_aussen-rotated.jpg\" target=\"_blank\" rel=\"noreferrer noopener\"><img loading=\"lazy\" decoding=\"async\" width=\"768\" height=\"1024\" data-id=\"484\" src=\"https:\/\/www.foerderkreis-christenberg.de\/wp-content\/uploads\/2021\/04\/backhaus_christenberg_aussen-768x1024.jpg\" alt=\"Backhaus auf dem Christenberg\" class=\"wp-image-484\" srcset=\"https:\/\/www.foerderkreis-christenberg.de\/wp-content\/uploads\/2021\/04\/backhaus_christenberg_aussen-768x1024.jpg 768w, https:\/\/www.foerderkreis-christenberg.de\/wp-content\/uploads\/2021\/04\/backhaus_christenberg_aussen-225x300.jpg 225w, https:\/\/www.foerderkreis-christenberg.de\/wp-content\/uploads\/2021\/04\/backhaus_christenberg_aussen-1152x1536.jpg 1152w, https:\/\/www.foerderkreis-christenberg.de\/wp-content\/uploads\/2021\/04\/backhaus_christenberg_aussen-rotated.jpg 1224w\" sizes=\"auto, (max-width: 768px) 100vw, 768px\" \/><\/a><figcaption class=\"wp-element-caption\">Altes Backhaus<\/figcaption><\/figure>\n\n\n\n<figure class=\"wp-block-image size-large\"><a href=\"https:\/\/www.foerderkreis-christenberg.de\/wp-content\/uploads\/2020\/08\/Labyrinth-Christenberg_Foto-G\u00f6rmar-scaled.jpg\" target=\"_blank\" rel=\"noreferrer noopener\"><img loading=\"lazy\" decoding=\"async\" width=\"1024\" height=\"768\" data-id=\"441\" src=\"https:\/\/www.foerderkreis-christenberg.de\/wp-content\/uploads\/2020\/08\/Labyrinth-Christenberg_Foto-G\u00f6rmar-1024x768.jpg\" alt=\"Labyrinth auf dem Christenberg\" class=\"wp-image-441\" srcset=\"https:\/\/www.foerderkreis-christenberg.de\/wp-content\/uploads\/2020\/08\/Labyrinth-Christenberg_Foto-G\u00f6rmar-1024x768.jpg 1024w, https:\/\/www.foerderkreis-christenberg.de\/wp-content\/uploads\/2020\/08\/Labyrinth-Christenberg_Foto-G\u00f6rmar-300x225.jpg 300w, https:\/\/www.foerderkreis-christenberg.de\/wp-content\/uploads\/2020\/08\/Labyrinth-Christenberg_Foto-G\u00f6rmar-768x576.jpg 768w, https:\/\/www.foerderkreis-christenberg.de\/wp-content\/uploads\/2020\/08\/Labyrinth-Christenberg_Foto-G\u00f6rmar-1536x1152.jpg 1536w, https:\/\/www.foerderkreis-christenberg.de\/wp-content\/uploads\/2020\/08\/Labyrinth-Christenberg_Foto-G\u00f6rmar-2048x1536.jpg 2048w\" sizes=\"auto, (max-width: 1024px) 100vw, 1024px\" \/><\/a><figcaption class=\"wp-element-caption\">Labyrinth auf dem Christenberg, Foto: K.-H. G\u00f6rmar<\/figcaption><\/figure>\n\n\n\n<figure class=\"wp-block-image size-large\"><img loading=\"lazy\" decoding=\"async\" width=\"910\" height=\"1024\" data-id=\"60\" src=\"https:\/\/www.foerderkreis-christenberg.de\/wp-content\/uploads\/2011\/08\/eckhard-lauer-910x1024.jpg\" alt=\"Eckhard Lauer\" class=\"wp-image-60\" srcset=\"https:\/\/www.foerderkreis-christenberg.de\/wp-content\/uploads\/2011\/08\/eckhard-lauer-910x1024.jpg 910w, https:\/\/www.foerderkreis-christenberg.de\/wp-content\/uploads\/2011\/08\/eckhard-lauer-267x300.jpg 267w, https:\/\/www.foerderkreis-christenberg.de\/wp-content\/uploads\/2011\/08\/eckhard-lauer-768x864.jpg 768w\" sizes=\"auto, (max-width: 910px) 100vw, 910px\" \/><\/figure>\n\n\n\n<figure class=\"wp-block-image size-large\"><a href=\"https:\/\/www.foerderkreis-christenberg.de\/wp-content\/uploads\/2019\/01\/sagen.jpg\" target=\"_blank\" rel=\"noreferrer noopener\"><img loading=\"lazy\" decoding=\"async\" width=\"612\" height=\"548\" data-id=\"351\" src=\"https:\/\/www.foerderkreis-christenberg.de\/wp-content\/uploads\/2019\/01\/sagen.jpg\" alt=\"\" class=\"wp-image-351\" srcset=\"https:\/\/www.foerderkreis-christenberg.de\/wp-content\/uploads\/2019\/01\/sagen.jpg 612w, https:\/\/www.foerderkreis-christenberg.de\/wp-content\/uploads\/2019\/01\/sagen-300x269.jpg 300w\" sizes=\"auto, (max-width: 612px) 100vw, 612px\" \/><\/a><figcaption class=\"wp-element-caption\">Zeichnung von Otto Ubbelohde<\/figcaption><\/figure>\n\n\n\n<figure class=\"wp-block-image size-large\"><img loading=\"lazy\" decoding=\"async\" width=\"600\" height=\"400\" data-id=\"145\" src=\"https:\/\/www.foerderkreis-christenberg.de\/wp-content\/uploads\/2018\/01\/christenberg-02.jpg\" alt=\"Luftbild Christenberg von Osten\" class=\"wp-image-145\" srcset=\"https:\/\/www.foerderkreis-christenberg.de\/wp-content\/uploads\/2018\/01\/christenberg-02.jpg 600w, https:\/\/www.foerderkreis-christenberg.de\/wp-content\/uploads\/2018\/01\/christenberg-02-300x200.jpg 300w\" sizes=\"auto, (max-width: 600px) 100vw, 600px\" \/><figcaption class=\"wp-element-caption\">Luftbild Christenberg von Osten<\/figcaption><\/figure>\n\n\n\n<figure class=\"wp-block-image size-large\"><a href=\"https:\/\/www.foerderkreis-christenberg.de\/wp-content\/uploads\/2025\/07\/P1013036-scaled.jpg\" target=\"_blank\" rel=\" noreferrer noopener\"><img loading=\"lazy\" decoding=\"async\" width=\"1024\" height=\"768\" data-id=\"832\" src=\"https:\/\/www.foerderkreis-christenberg.de\/wp-content\/uploads\/2025\/07\/P1013036-1024x768.jpg\" alt=\"\" class=\"wp-image-832\" srcset=\"https:\/\/www.foerderkreis-christenberg.de\/wp-content\/uploads\/2025\/07\/P1013036-1024x768.jpg 1024w, https:\/\/www.foerderkreis-christenberg.de\/wp-content\/uploads\/2025\/07\/P1013036-300x225.jpg 300w, https:\/\/www.foerderkreis-christenberg.de\/wp-content\/uploads\/2025\/07\/P1013036-768x576.jpg 768w, https:\/\/www.foerderkreis-christenberg.de\/wp-content\/uploads\/2025\/07\/P1013036-1536x1152.jpg 1536w, https:\/\/www.foerderkreis-christenberg.de\/wp-content\/uploads\/2025\/07\/P1013036-2048x1536.jpg 2048w\" sizes=\"auto, (max-width: 1024px) 100vw, 1024px\" \/><\/a><figcaption class=\"wp-element-caption\">Graffity aus alten Zeiten<\/figcaption><\/figure>\n<\/figure>\n\n\n\n<div style=\"height:20px\" aria-hidden=\"true\" class=\"wp-block-spacer\"><\/div>\n\n\n\n<div class=\"wp-block-group has-accent-2-background-color has-background has-global-padding is-layout-constrained wp-container-core-group-is-layout-9e9be3cb wp-block-group-is-layout-constrained\" style=\"border-width:1px;border-radius:10px;padding-top:var(--wp--preset--spacing--20);padding-right:var(--wp--preset--spacing--20);padding-bottom:var(--wp--preset--spacing--20);padding-left:var(--wp--preset--spacing--20);box-shadow:var(--wp--preset--shadow--natural)\">\n<p class=\"has-text-color has-link-color wp-elements-44d11ea6ef8b413204bbbe5570752f0b\" style=\"color:#276e0b\">Ein kurzer Videoclip zur Martinskirche:<\/p>\n\n\n\n<figure class=\"wp-block-video\"><video height=\"720\" style=\"aspect-ratio: 1280 \/ 720;\" width=\"1280\" controls poster=\"https:\/\/www.foerderkreis-christenberg.de\/wp-content\/uploads\/2025\/11\/IMG_8204a-scaled.jpg\" src=\"https:\/\/www.foerderkreis-christenberg.de\/wp-content\/uploads\/2025\/11\/Martinskirche-Video5.mp4\"><\/video><\/figure>\n\n\n\n<details class=\"wp-block-details has-base-background-color has-text-color has-background has-link-color has-medium-font-size wp-elements-cd3f07030aa92c668f451a701dd867b6 is-layout-flow wp-block-details-is-layout-flow\" style=\"color:#276e0b\"><summary>Info zu den Videoclips<\/summary>\n<div class=\"wp-block-media-text is-stacked-on-mobile has-accent-2-color has-contrast-background-color has-text-color has-background has-link-color wp-elements-5e5de0dd083210954145febc4a3ec610\"><figure class=\"wp-block-media-text__media\"><a href=\"https:\/\/www.musicfox.com\/info\/kostenlose-gemafreie-musik\/\" target=\"_blank\" rel=\" noreferrer noopener\"><img loading=\"lazy\" decoding=\"async\" width=\"160\" height=\"36\" src=\"https:\/\/www.foerderkreis-christenberg.de\/wp-content\/uploads\/2025\/11\/musicfox-logo-4.png\" alt=\"\" class=\"wp-image-1409 size-full\"\/><\/a><\/figure><div class=\"wp-block-media-text__content\">\n<p>Soundtracks der Clips von <strong>musicfox<\/strong> <\/p>\n<\/div><\/div>\n<\/details>\n<\/div>\n\n\n\n<div style=\"height:20px\" aria-hidden=\"true\" class=\"wp-block-spacer\"><\/div>\n\n\n\n<div class=\"wp-block-group has-accent-2-background-color has-background has-global-padding is-layout-constrained wp-container-core-group-is-layout-9e9be3cb wp-block-group-is-layout-constrained\" style=\"border-width:1px;border-radius:10px;padding-top:var(--wp--preset--spacing--20);padding-right:var(--wp--preset--spacing--20);padding-bottom:var(--wp--preset--spacing--20);padding-left:var(--wp--preset--spacing--20);box-shadow:var(--wp--preset--shadow--natural)\">\n<p>Audioscript und Orgel<\/p>\n\n\n\n<details class=\"wp-block-details has-accent-2-color has-contrast-background-color has-text-color has-background has-link-color wp-elements-23c492f954041fc9f2579ac486adcf78 is-layout-flow wp-block-details-is-layout-flow\" style=\"padding-top:var(--wp--preset--spacing--20);padding-right:var(--wp--preset--spacing--20);padding-bottom:var(--wp--preset--spacing--20);padding-left:var(--wp--preset--spacing--20)\" open><summary><strong>Audioclips zur Martinskirche<\/strong><\/summary>\n<p>Diese drei Audioclips erkl\u00e4ren Ihnen einige Besonderheiten der Martinskirche. H\u00f6ren Sie zu, w\u00e4hrend Sie schauen!<\/p>\n\n\n\n<figure class=\"wp-block-audio\"><audio controls src=\"https:\/\/www.foerderkreis-christenberg.de\/wp-content\/uploads\/2025\/11\/Martinskirche-Audio1.mp3\"><\/audio><\/figure>\n\n\n\n<figure class=\"wp-block-audio\"><audio controls src=\"https:\/\/www.foerderkreis-christenberg.de\/wp-content\/uploads\/2025\/11\/Martinskirche-Audio2.mp3\"><\/audio><\/figure>\n\n\n\n<figure class=\"wp-block-audio\"><audio controls src=\"https:\/\/www.foerderkreis-christenberg.de\/wp-content\/uploads\/2025\/11\/Martinskirche-Audio3.mp3\"><\/audio><\/figure>\n\n\n\n<div style=\"height:20px\" aria-hidden=\"true\" class=\"wp-block-spacer\"><\/div>\n\n\n\n<p>Wie h\u00f6rt sich die Orgel an? Es spielt Jens Daniel Debus.<\/p>\n\n\n\n<figure class=\"wp-block-audio\"><audio controls src=\"https:\/\/www.foerderkreis-christenberg.de\/wp-content\/uploads\/2025\/11\/JensD-Debus-11Audio.mp3\"><\/audio><\/figure>\n<\/details>\n<\/div>\n\n\n\n<p class=\"has-text-color has-link-color wp-elements-7db95217ab9049a2cd43d32c98abd72d\" style=\"color:#276e0b;padding-top:0;padding-right:0;padding-bottom:0;padding-left:0\">An dieser Stelle sei herzlich Danke gesagt an den <strong><em>Heimat- und Geschichtsverein M\u00fcnchhausen am Christenberg e.V.<\/em><\/strong> f\u00fcr das Engagement zur Erhaltung der historischen Vogt-Orgel und die Durchf\u00fchrung dieses spannenden Projektes!<\/p>\n<\/div>\n\n\n\n<div class=\"wp-block-group has-base-background-color has-background has-global-padding is-layout-constrained wp-container-core-group-is-layout-c06d165c wp-block-group-is-layout-constrained\" style=\"border-radius:10px;padding-top:0;padding-right:0;padding-bottom:0;padding-left:0;box-shadow:var(--wp--preset--shadow--natural)\">\n<figure class=\"wp-block-table is-style-regular has-medium-font-size\" style=\"margin-top:var(--wp--preset--spacing--30);margin-right:0;margin-bottom:var(--wp--preset--spacing--30);margin-left:0;padding-top:var(--wp--preset--spacing--20);padding-right:var(--wp--preset--spacing--20);padding-bottom:var(--wp--preset--spacing--20);padding-left:var(--wp--preset--spacing--20)\"><table class=\"has-accent-2-color has-contrast-background-color has-text-color has-background has-link-color has-fixed-layout\" style=\"border-width:4px\"><tbody><tr><td class=\"has-text-align-center\" data-align=\"center\"><a href=\"https:\/\/www.foerderkreis-christenberg.de\/index.php\/veranstaltungen\/tag-des-offenen-denkmals\/\" data-type=\"page\" data-id=\"10\">Besondere Museumstage<\/a><\/td><td class=\"has-text-align-center\" data-align=\"center\"><a href=\"https:\/\/www.foerderkreis-christenberg.de\/index.php\/veranstaltungen\/veranstaltungsarchiv\/\" data-type=\"page\" data-id=\"64\">Archiv &#8211; R\u00fcckblick<\/a><\/td><\/tr><tr><td class=\"has-text-align-center\" data-align=\"center\"><a href=\"https:\/\/www.foerderkreis-christenberg.de\/index.php\/links\/\" data-type=\"page\" data-id=\"12\">Links zum Umland <\/a><\/td><td class=\"has-text-align-center\" data-align=\"center\"><a href=\"https:\/\/www.foerderkreis-christenberg.de\/index.php\/wir-ueber-uns\/\" data-type=\"page\" data-id=\"3\">Wir \u00fcber uns<\/a><\/td><\/tr><tr><td class=\"has-text-align-center\" data-align=\"center\"><a href=\"https:\/\/www.foerderkreis-christenberg.de\/index.php\/christenberg\/\" data-type=\"page\" data-id=\"28\">Christenberg<\/a><\/td><td class=\"has-text-align-center\" data-align=\"center\"><a href=\"https:\/\/www.foerderkreis-christenberg.de\/index.php\/wege-zum-christenberg\/\" data-type=\"page\" data-id=\"31\">Wege zum Christenberg<\/a><\/td><\/tr><\/tbody><\/table><\/figure>\n<\/div>\n","protected":false},"excerpt":{"rendered":"<p>&#8230; Geschichte und Geschichten in Bildern Ein kurzer Videoclip zur Martinskirche: Audioscript und Orgel An dieser Stelle sei herzlich Danke gesagt an den Heimat- und Geschichtsverein M\u00fcnchhausen am Christenberg e.V. f\u00fcr das Engagement zur Erhaltung der historischen Vogt-Orgel und die Durchf\u00fchrung dieses spannenden Projektes! Besondere Museumstage Archiv &#8211; R\u00fcckblick Links zum Umland Wir \u00fcber uns [&hellip;]<\/p>\n","protected":false},"author":2,"featured_media":0,"parent":0,"menu_order":70,"comment_status":"closed","ping_status":"closed","template":"","meta":{"footnotes":""},"class_list":["post-148","page","type-page","status-publish","hentry"],"jetpack_sharing_enabled":true,"_links":{"self":[{"href":"https:\/\/www.foerderkreis-christenberg.de\/index.php\/wp-json\/wp\/v2\/pages\/148","targetHints":{"allow":["GET"]}}],"collection":[{"href":"https:\/\/www.foerderkreis-christenberg.de\/index.php\/wp-json\/wp\/v2\/pages"}],"about":[{"href":"https:\/\/www.foerderkreis-christenberg.de\/index.php\/wp-json\/wp\/v2\/types\/page"}],"author":[{"embeddable":true,"href":"https:\/\/www.foerderkreis-christenberg.de\/index.php\/wp-json\/wp\/v2\/users\/2"}],"replies":[{"embeddable":true,"href":"https:\/\/www.foerderkreis-christenberg.de\/index.php\/wp-json\/wp\/v2\/comments?post=148"}],"version-history":[{"count":67,"href":"https:\/\/www.foerderkreis-christenberg.de\/index.php\/wp-json\/wp\/v2\/pages\/148\/revisions"}],"predecessor-version":[{"id":2425,"href":"https:\/\/www.foerderkreis-christenberg.de\/index.php\/wp-json\/wp\/v2\/pages\/148\/revisions\/2425"}],"wp:attachment":[{"href":"https:\/\/www.foerderkreis-christenberg.de\/index.php\/wp-json\/wp\/v2\/media?parent=148"}],"curies":[{"name":"wp","href":"https:\/\/api.w.org\/{rel}","templated":true}]}}